{"id":2241,"date":"2020-03-31T17:51:05","date_gmt":"2020-03-31T15:51:05","guid":{"rendered":"http:\/\/bergerlebnisse.com\/inverno\/tour-giornalieri-inverno\/"},"modified":"2024-09-25T21:45:47","modified_gmt":"2024-09-25T19:45:47","slug":"tour-giornalieri-inverno","status":"publish","type":"page","link":"https:\/\/bergerlebnisse.com\/it\/inverno\/tour-giornalieri-inverno\/","title":{"rendered":"TOUR GIORNALIERI INVERNO"},"content":{"rendered":"\n<h1>\n\t\tCorsi di formazione durante il fine settimana \n\t<\/h1>\n\t<p>Sia nella Val Venosta che all&#8217;esterno, altre escursioni sciistichevengono effettuate su richiesta.<\/p>\n\t\t\t\t<img decoding=\"async\" src=\"http:\/\/bergerlebnisse.com\/wp-content\/uploads\/2021\/02\/P1040649.jpg\" alt=\"P1040649\" itemprop=\"image\" title=\"P1040649\" onerror=\"this.style.display='none'\">\n<h3>\n\t\tCorso valanga per principianti\n\t<\/h3>\n\t<p><b>Data desiderata 2025<\/b><\/p>\n\t\t\t<a href=\"http:\/\/bergerlebnisse.com\/tagestouren-winter\/tt-07\/\" target=\"_self\" rel=\"noopener\">\n\t\t\t\t\t\t\tPer saperne di pi\u00f9\n\t\t\t\t\t<\/a>\n\t\t\t\t<img decoding=\"async\" src=\"http:\/\/bergerlebnisse.com\/wp-content\/uploads\/2020\/02\/Sulden2.jpg\" alt=\"Sulden2\" itemprop=\"image\" title=\"Sulden2\" onerror=\"this.style.display='none'\">\n<h3>\n\t\tCorso di sci alpinismo Martelltal\n\t<\/h3>\n\t\t\t<a href=\"http:\/\/bergerlebnisse.com\/tagestouren-winter\/tt-01\/\" target=\"_self\" rel=\"noopener\">\n\t\t\t\t\t\t\tPer saperne di pi\u00f9\n\t\t\t\t\t<\/a>\n\t\t\t\t<img decoding=\"async\" src=\"http:\/\/bergerlebnisse.com\/wp-content\/uploads\/2020\/02\/Sulden3.jpg\" alt=\"Sulden3\" itemprop=\"image\" title=\"Sulden3\" onerror=\"this.style.display='none'\">\n<h3>\n\t\tSolda\n\t<\/h3>\n\t<p><b>1 giorno &#8211; appuntamenti su richiesta<\/b><\/p>\n\t\t\t<a href=\"http:\/\/bergerlebnisse.com\/tagestouren-winter\/tt-02\/\" target=\"_self\" rel=\"noopener\">\n\t\t\t\t\t\t\tPer saperne di pi\u00f9\n\t\t\t\t\t<\/a>\n\t\t\t\t<img decoding=\"async\" src=\"http:\/\/bergerlebnisse.com\/wp-content\/uploads\/2020\/02\/St.-Anton-Arlberg1.jpg\" alt=\"Sant'Antonio Arlberg1\" itemprop=\"image\" title=\"Sant'Antonio Arlberg1\" onerror=\"this.style.display='none'\">\n<h3>\n\t\tVal Senales\n\t<\/h3>\n\t<p><b>1 giorno &#8211; appuntamenti su richiesta<\/b><\/p>\n\t\t\t<a href=\"http:\/\/bergerlebnisse.com\/tagestouren-winter\/tt-03\/\" target=\"_self\" rel=\"noopener\">\n\t\t\t\t\t\t\tPer saperne di pi\u00f9\n\t\t\t\t\t<\/a>\n\t\t\t\t<img decoding=\"async\" src=\"http:\/\/bergerlebnisse.com\/wp-content\/uploads\/2020\/02\/St.-Anton-Arlberg4.jpg\" alt=\"Sant'Antonio Arlberg4\" itemprop=\"image\" title=\"Sant'Antonio Arlberg4\" onerror=\"this.style.display='none'\">\n<h3>\n\t\tVal Passiria\n\t<\/h3>\n\t<p><b>1 giorno &#8211; appuntamenti su richiesta<\/b><\/p>\n\t\t\t<a href=\"http:\/\/bergerlebnisse.com\/tagestouren-winter\/tt-04\/\" target=\"_self\" rel=\"noopener\">\n\t\t\t\t\t\t\tPer saperne di pi\u00f9\n\t\t\t\t\t<\/a>\n\t\t\t\t<img decoding=\"async\" src=\"http:\/\/bergerlebnisse.com\/wp-content\/uploads\/2020\/02\/Livigno1.jpg\" alt=\"Livigno1\" itemprop=\"image\" title=\"Livigno1\" onerror=\"this.style.display='none'\">\n<h3>\n\t\tVal D&#8217;ultimo\n\t<\/h3>\n\t<p><strong><b>1 giorno &#8211; appuntamenti su richiesta<\/b><\/strong><\/p>\n\t\t\t<a href=\"http:\/\/bergerlebnisse.com\/tagestouren-winter\/tt-05\/\" target=\"_self\" rel=\"noopener\">\n\t\t\t\t\t\t\tPer saperne di pi\u00f9\n\t\t\t\t\t<\/a>\n\t\t\t\t<img decoding=\"async\" src=\"http:\/\/bergerlebnisse.com\/wp-content\/uploads\/2020\/01\/P1010833.jpg\" alt=\"P1010833\" itemprop=\"image\" title=\"P1010833\" onerror=\"this.style.display='none'\">\n<h3>\n\t\tVal Venosta\n\t<\/h3>\n\t<p><b>1 giorno &#8211; appuntamenti su richiesta<\/b><\/p>\n\t\t\t<a href=\"http:\/\/bergerlebnisse.com\/tagestouren-winter\/tt-06\/\" target=\"_self\" rel=\"noopener\">\n\t\t\t\t\t\t\tPer saperne di pi\u00f9\n\t\t\t\t\t<\/a>\n<h3>\n\t\tIl tuo tour dei desideri non \u00e8 incluso?\n\t<\/h3>\n\t<p><b>Se chiedi in anticipo, i tour individuali sono possibili in qualsiasi momento, pianifico il tour dei tuoi sogni insieme a te!<\/b><\/p>\n\t\t\t<a href=\"http:\/\/bergerlebnisse.com\/it\/?page_id=2680\" target=\"_self\" rel=\"noopener\">\n\t\t\t\t\t\t\tPer saperne di pi\u00f9\n\t\t\t\t\t<\/a>\n<h2>\n\t\tSUGGERIMENTO: Buoni regalo\n\t<\/h2>\n\t<h4>Regalare un&#8217;esperienza indimenticabile<\/h4>\nTutti i tour offerti possono anche essere forniti come voucher di avventura.<br>\nBasta selezionare il tour e la data desiderati e ti invieremo il tuo voucher regalo personale in PDF, che puoi semplicemente stampare da solo!\n\t\t\t<a href=\"http:\/\/bergerlebnisse.com\/it\/buono-regalo\/\" target=\"_self\" rel=\"noopener\">\n\t\t\t\t\t\tOrdinare un voucher\n\t\t\t\t\t<\/a>\n\t<h2>\n\t\t\t\tI NOSTRI PARTNER\n\t\t\t<\/h2>\n\t\t\t\t<a href=\"http:\/\/www.gasthaus-sonneck.it\/\" target=\"_blank\" rel=\"noopener\" itemprop=\"url\">\n\t\t\t\t<img decoding=\"async\" src=\"http:\/\/bergerlebnisse.com\/wp-content\/uploads\/2020\/02\/Logo-Sonneck.jpg\" alt=\"Logo Sonneck\" itemprop=\"image\" title=\"Logo Sonneck\" onerror=\"this.style.display='none'\">\n\t\t\t\t<\/a>\n\t\t\t\t<a href=\"http:\/\/hochseilgarten-laas.it\" target=\"_blank\" rel=\"noopener\" itemprop=\"url\">\n\t\t\t\t<img decoding=\"async\" src=\"http:\/\/bergerlebnisse.com\/wp-content\/uploads\/2020\/02\/Logo-Hochseilgarten.jpg\" alt=\"Logo corde alte corso\" itemprop=\"image\" title=\"Logo corde alte corso\" onerror=\"this.style.display='none'\">\n\t\t\t\t<\/a>\n\t\t\t\t<a href=\"https:\/\/www.schweitzer-getraenke.it\/\" target=\"_blank\" rel=\"noopener\" itemprop=\"url\">\n\t\t\t\t<img decoding=\"async\" src=\"http:\/\/bergerlebnisse.com\/wp-content\/uploads\/2020\/02\/Logo-Schweizer.jpg\" alt=\"Logo-Svizzero\" itemprop=\"image\" title=\"Logo-Svizzero\" onerror=\"this.style.display='none'\">\n\t\t\t\t<\/a>\n\t\t\t\t<a href=\"https:\/\/www.saegemuehle.it\/de\/\" target=\"_blank\" rel=\"noopener\" itemprop=\"url\">\n\t\t\t\t<img decoding=\"async\" src=\"http:\/\/bergerlebnisse.com\/wp-content\/uploads\/2020\/02\/Logo-S\u00e4gem\u00fchle.jpg\" alt=\"Segheria logo\" itemprop=\"image\" title=\"Segheria logo\" onerror=\"this.style.display='none'\">\n\t\t\t\t<\/a>\n\t\t\t\t<a href=\"https:\/\/www.bergfrieden.com\" target=\"_blank\" rel=\"noopener\" itemprop=\"url\">\n\t\t\t\t<img decoding=\"async\" src=\"http:\/\/bergerlebnisse.com\/wp-content\/uploads\/2020\/02\/Bergfrieden-Logo.jpg\" alt=\"Bergfrieden-Logo\" itemprop=\"image\" title=\"Bergfrieden-Logo\" onerror=\"this.style.display='none'\">\n\t\t\t\t<\/a>\n\t\t\t\t<a href=\"https:\/\/www.odler.it\/pizzeria-odler-laas\/\" target=\"_blank\" rel=\"noopener\" itemprop=\"url\">\n\t\t\t\t<img decoding=\"async\" src=\"http:\/\/bergerlebnisse.com\/wp-content\/uploads\/2020\/02\/logo_kl.jpg\" alt=\"logo_kl\" itemprop=\"image\" title=\"logo_kl\" onerror=\"this.style.display='none'\">\n\t\t\t\t<\/a>\n","protected":false},"excerpt":{"rendered":"<p>Corsi di formazione durante il fine settimana Sia nella Val Venosta che all&#8217;esterno, altre escursioni sciistichevengono effettuate su richiesta. Corso valanga per principianti Data desiderata 2025 Per saperne di pi\u00f9 Corso di sci alpinismo Martelltal Per saperne di pi\u00f9 Solda 1 giorno &#8211; appuntamenti su richiesta Per saperne di pi\u00f9 Val Senales 1 giorno &#8211;&hellip;<\/p>\n","protected":false},"author":1,"featured_media":0,"parent":2199,"menu_order":0,"comment_status":"closed","ping_status":"closed","template":"","meta":{"inline_featured_image":false,"footnotes":""},"class_list":["post-2241","page","type-page","status-publish","hentry"],"yoast_head":"<!-- This site is optimized with the Yoast SEO plugin v26.8 - https:\/\/yoast.com\/product\/yoast-seo-wordpress\/ -->\n<title>Corsi di sci alpinismo e gite giornaliere nella splendida Val Venosta<\/title>\n<meta name=\"description\" content=\"Vivi i pi\u00f9 bei tour di una giornata invernale nella Val Venosta fuori dalle piste con la guida sciistica Georg, un&#039;avventura indimenticabile\" \/>\n<meta name=\"robots\" content=\"index, follow, max-snippet:-1, max-image-preview:large, max-video-preview:-1\" \/>\n<link rel=\"canonical\" href=\"https:\/\/bergerlebnisse.com\/it\/inverno\/tour-giornalieri-inverno\/\" \/>\n<meta property=\"og:locale\" content=\"it_IT\" \/>\n<meta property=\"og:type\" content=\"article\" \/>\n<meta property=\"og:title\" content=\"Corsi di sci alpinismo e gite giornaliere nella splendida Val Venosta\" \/>\n<meta property=\"og:description\" content=\"Vivi i pi\u00f9 bei tour di una giornata invernale nella Val Venosta fuori dalle piste con la guida sciistica Georg, un&#039;avventura indimenticabile\" \/>\n<meta property=\"og:url\" content=\"https:\/\/bergerlebnisse.com\/it\/inverno\/tour-giornalieri-inverno\/\" \/>\n<meta property=\"og:site_name\" content=\"Bergerlebnisse\" \/>\n<meta property=\"article:publisher\" content=\"https:\/\/www.facebook.com\/skischuletrafoi\" \/>\n<meta property=\"article:modified_time\" content=\"2024-09-25T19:45:47+00:00\" \/>\n<meta property=\"og:image\" content=\"http:\/\/bergerlebnisse.com\/wp-content\/uploads\/2021\/02\/P1040649.jpg\" \/>\n<meta name=\"twitter:card\" content=\"summary_large_image\" \/>\n<meta name=\"twitter:label1\" content=\"Tempo di lettura stimato\" \/>\n\t<meta name=\"twitter:data1\" content=\"4 minuti\" \/>\n<script type=\"application\/ld+json\" class=\"yoast-schema-graph\">{\"@context\":\"https:\/\/schema.org\",\"@graph\":[{\"@type\":\"WebPage\",\"@id\":\"https:\/\/bergerlebnisse.com\/it\/inverno\/tour-giornalieri-inverno\/\",\"url\":\"https:\/\/bergerlebnisse.com\/it\/inverno\/tour-giornalieri-inverno\/\",\"name\":\"Corsi di sci alpinismo e gite giornaliere nella splendida Val Venosta\",\"isPartOf\":{\"@id\":\"https:\/\/bergerlebnisse.com\/it\/#website\"},\"primaryImageOfPage\":{\"@id\":\"https:\/\/bergerlebnisse.com\/it\/inverno\/tour-giornalieri-inverno\/#primaryimage\"},\"image\":{\"@id\":\"https:\/\/bergerlebnisse.com\/it\/inverno\/tour-giornalieri-inverno\/#primaryimage\"},\"thumbnailUrl\":\"http:\/\/bergerlebnisse.com\/wp-content\/uploads\/2021\/02\/P1040649.jpg\",\"datePublished\":\"2020-03-31T15:51:05+00:00\",\"dateModified\":\"2024-09-25T19:45:47+00:00\",\"description\":\"Vivi i pi\u00f9 bei tour di una giornata invernale nella Val Venosta fuori dalle piste con la guida sciistica Georg, un'avventura indimenticabile\",\"breadcrumb\":{\"@id\":\"https:\/\/bergerlebnisse.com\/it\/inverno\/tour-giornalieri-inverno\/#breadcrumb\"},\"inLanguage\":\"it-IT\",\"potentialAction\":[{\"@type\":\"ReadAction\",\"target\":[\"https:\/\/bergerlebnisse.com\/it\/inverno\/tour-giornalieri-inverno\/\"]}]},{\"@type\":\"ImageObject\",\"inLanguage\":\"it-IT\",\"@id\":\"https:\/\/bergerlebnisse.com\/it\/inverno\/tour-giornalieri-inverno\/#primaryimage\",\"url\":\"http:\/\/bergerlebnisse.com\/wp-content\/uploads\/2021\/02\/P1040649.jpg\",\"contentUrl\":\"http:\/\/bergerlebnisse.com\/wp-content\/uploads\/2021\/02\/P1040649.jpg\"},{\"@type\":\"BreadcrumbList\",\"@id\":\"https:\/\/bergerlebnisse.com\/it\/inverno\/tour-giornalieri-inverno\/#breadcrumb\",\"itemListElement\":[{\"@type\":\"ListItem\",\"position\":1,\"name\":\"Startseite\",\"item\":\"https:\/\/bergerlebnisse.com\/it\/\"},{\"@type\":\"ListItem\",\"position\":2,\"name\":\"INVERNO\",\"item\":\"https:\/\/bergerlebnisse.com\/it\/inverno\/\"},{\"@type\":\"ListItem\",\"position\":3,\"name\":\"TOUR GIORNALIERI INVERNO\"}]},{\"@type\":\"WebSite\",\"@id\":\"https:\/\/bergerlebnisse.com\/it\/#website\",\"url\":\"https:\/\/bergerlebnisse.com\/it\/\",\"name\":\"Skischule Trafoi\",\"description\":\"Erlebe die S\u00fcdtiroler Berge mit einem Experten\",\"publisher\":{\"@id\":\"https:\/\/bergerlebnisse.com\/it\/#organization\"},\"potentialAction\":[{\"@type\":\"SearchAction\",\"target\":{\"@type\":\"EntryPoint\",\"urlTemplate\":\"https:\/\/bergerlebnisse.com\/it\/?s={search_term_string}\"},\"query-input\":{\"@type\":\"PropertyValueSpecification\",\"valueRequired\":true,\"valueName\":\"search_term_string\"}}],\"inLanguage\":\"it-IT\"},{\"@type\":\"Organization\",\"@id\":\"https:\/\/bergerlebnisse.com\/it\/#organization\",\"name\":\"Skischule Trafoi\",\"url\":\"https:\/\/bergerlebnisse.com\/it\/\",\"logo\":{\"@type\":\"ImageObject\",\"inLanguage\":\"it-IT\",\"@id\":\"https:\/\/bergerlebnisse.com\/it\/#\/schema\/logo\/image\/\",\"url\":\"\",\"contentUrl\":\"\",\"caption\":\"Skischule Trafoi\"},\"image\":{\"@id\":\"https:\/\/bergerlebnisse.com\/it\/#\/schema\/logo\/image\/\"},\"sameAs\":[\"https:\/\/www.facebook.com\/skischuletrafoi\",\"https:\/\/www.instagram.com\/skischule_trafoi\/\"]}]}<\/script>\n<!-- \/ Yoast SEO plugin. -->","yoast_head_json":{"title":"Corsi di sci alpinismo e gite giornaliere nella splendida Val Venosta","description":"Vivi i pi\u00f9 bei tour di una giornata invernale nella Val Venosta fuori dalle piste con la guida sciistica Georg, un'avventura indimenticabile","robots":{"index":"index","follow":"follow","max-snippet":"max-snippet:-1","max-image-preview":"max-image-preview:large","max-video-preview":"max-video-preview:-1"},"canonical":"https:\/\/bergerlebnisse.com\/it\/inverno\/tour-giornalieri-inverno\/","og_locale":"it_IT","og_type":"article","og_title":"Corsi di sci alpinismo e gite giornaliere nella splendida Val Venosta","og_description":"Vivi i pi\u00f9 bei tour di una giornata invernale nella Val Venosta fuori dalle piste con la guida sciistica Georg, un'avventura indimenticabile","og_url":"https:\/\/bergerlebnisse.com\/it\/inverno\/tour-giornalieri-inverno\/","og_site_name":"Bergerlebnisse","article_publisher":"https:\/\/www.facebook.com\/skischuletrafoi","article_modified_time":"2024-09-25T19:45:47+00:00","og_image":[{"url":"http:\/\/bergerlebnisse.com\/wp-content\/uploads\/2021\/02\/P1040649.jpg","type":"","width":"","height":""}],"twitter_card":"summary_large_image","twitter_misc":{"Tempo di lettura stimato":"4 minuti"},"schema":{"@context":"https:\/\/schema.org","@graph":[{"@type":"WebPage","@id":"https:\/\/bergerlebnisse.com\/it\/inverno\/tour-giornalieri-inverno\/","url":"https:\/\/bergerlebnisse.com\/it\/inverno\/tour-giornalieri-inverno\/","name":"Corsi di sci alpinismo e gite giornaliere nella splendida Val Venosta","isPartOf":{"@id":"https:\/\/bergerlebnisse.com\/it\/#website"},"primaryImageOfPage":{"@id":"https:\/\/bergerlebnisse.com\/it\/inverno\/tour-giornalieri-inverno\/#primaryimage"},"image":{"@id":"https:\/\/bergerlebnisse.com\/it\/inverno\/tour-giornalieri-inverno\/#primaryimage"},"thumbnailUrl":"http:\/\/bergerlebnisse.com\/wp-content\/uploads\/2021\/02\/P1040649.jpg","datePublished":"2020-03-31T15:51:05+00:00","dateModified":"2024-09-25T19:45:47+00:00","description":"Vivi i pi\u00f9 bei tour di una giornata invernale nella Val Venosta fuori dalle piste con la guida sciistica Georg, un'avventura indimenticabile","breadcrumb":{"@id":"https:\/\/bergerlebnisse.com\/it\/inverno\/tour-giornalieri-inverno\/#breadcrumb"},"inLanguage":"it-IT","potentialAction":[{"@type":"ReadAction","target":["https:\/\/bergerlebnisse.com\/it\/inverno\/tour-giornalieri-inverno\/"]}]},{"@type":"ImageObject","inLanguage":"it-IT","@id":"https:\/\/bergerlebnisse.com\/it\/inverno\/tour-giornalieri-inverno\/#primaryimage","url":"http:\/\/bergerlebnisse.com\/wp-content\/uploads\/2021\/02\/P1040649.jpg","contentUrl":"http:\/\/bergerlebnisse.com\/wp-content\/uploads\/2021\/02\/P1040649.jpg"},{"@type":"BreadcrumbList","@id":"https:\/\/bergerlebnisse.com\/it\/inverno\/tour-giornalieri-inverno\/#breadcrumb","itemListElement":[{"@type":"ListItem","position":1,"name":"Startseite","item":"https:\/\/bergerlebnisse.com\/it\/"},{"@type":"ListItem","position":2,"name":"INVERNO","item":"https:\/\/bergerlebnisse.com\/it\/inverno\/"},{"@type":"ListItem","position":3,"name":"TOUR GIORNALIERI INVERNO"}]},{"@type":"WebSite","@id":"https:\/\/bergerlebnisse.com\/it\/#website","url":"https:\/\/bergerlebnisse.com\/it\/","name":"Skischule Trafoi","description":"Erlebe die S\u00fcdtiroler Berge mit einem Experten","publisher":{"@id":"https:\/\/bergerlebnisse.com\/it\/#organization"},"potentialAction":[{"@type":"SearchAction","target":{"@type":"EntryPoint","urlTemplate":"https:\/\/bergerlebnisse.com\/it\/?s={search_term_string}"},"query-input":{"@type":"PropertyValueSpecification","valueRequired":true,"valueName":"search_term_string"}}],"inLanguage":"it-IT"},{"@type":"Organization","@id":"https:\/\/bergerlebnisse.com\/it\/#organization","name":"Skischule Trafoi","url":"https:\/\/bergerlebnisse.com\/it\/","logo":{"@type":"ImageObject","inLanguage":"it-IT","@id":"https:\/\/bergerlebnisse.com\/it\/#\/schema\/logo\/image\/","url":"","contentUrl":"","caption":"Skischule Trafoi"},"image":{"@id":"https:\/\/bergerlebnisse.com\/it\/#\/schema\/logo\/image\/"},"sameAs":["https:\/\/www.facebook.com\/skischuletrafoi","https:\/\/www.instagram.com\/skischule_trafoi\/"]}]}},"_links":{"self":[{"href":"https:\/\/bergerlebnisse.com\/it\/wp-json\/wp\/v2\/pages\/2241","targetHints":{"allow":["GET"]}}],"collection":[{"href":"https:\/\/bergerlebnisse.com\/it\/wp-json\/wp\/v2\/pages"}],"about":[{"href":"https:\/\/bergerlebnisse.com\/it\/wp-json\/wp\/v2\/types\/page"}],"author":[{"embeddable":true,"href":"https:\/\/bergerlebnisse.com\/it\/wp-json\/wp\/v2\/users\/1"}],"replies":[{"embeddable":true,"href":"https:\/\/bergerlebnisse.com\/it\/wp-json\/wp\/v2\/comments?post=2241"}],"version-history":[{"count":10,"href":"https:\/\/bergerlebnisse.com\/it\/wp-json\/wp\/v2\/pages\/2241\/revisions"}],"predecessor-version":[{"id":5914,"href":"https:\/\/bergerlebnisse.com\/it\/wp-json\/wp\/v2\/pages\/2241\/revisions\/5914"}],"up":[{"embeddable":true,"href":"https:\/\/bergerlebnisse.com\/it\/wp-json\/wp\/v2\/pages\/2199"}],"wp:attachment":[{"href":"https:\/\/bergerlebnisse.com\/it\/wp-json\/wp\/v2\/media?parent=2241"}],"curies":[{"name":"wp","href":"https:\/\/api.w.org\/{rel}","templated":true}]}}