{"id":2186,"date":"2020-03-20T23:19:49","date_gmt":"2020-03-20T22:19:49","guid":{"rendered":"http:\/\/bergerlebnisse.com\/estate\/settimane-escursionistiche\/ww-02-in-modo\/"},"modified":"2025-09-07T09:05:13","modified_gmt":"2025-09-07T07:05:13","slug":"ww-02","status":"publish","type":"page","link":"https:\/\/bergerlebnisse.com\/it\/estate\/settimane-escursionistiche\/ww-02\/","title":{"rendered":"ww-02 (in modo"},"content":{"rendered":"\n<h1>\n\t\t\tEscursione in montagna intorno al massiccio di Ortler\t<\/h1>\n\t<b>data: <\/b>04.-12.07. \/ 29.08.-06.09.2026<b><br \/>\n<\/b>\n<strong>Servizi: <\/strong>8 x visite guidate, trasferimento,4 x mezzapensione in ***hotel e 4 x in Rifugi, attrezzature a noleggio per l&#8217;attraversamento del ghiacciaio.<br \/>\n<strong>Prezzo:<\/strong> \u20ac 1200 a persona<br \/>\n<strong>Partecipanti:<\/strong> 6-8 persone<strong><br \/>\n<\/strong><b>Prerequisito:<\/b> ottime condizioni, tempi di perezione tra le 7 e le 8 ore al giorno\n<p><strong>Suggerimento:<\/strong> L&#8217;attrezzatura mancante viene fornita gratuitamente!<\/p>\n<p>&nbsp;<\/p>\n<p><b><strong>Programma:<\/strong><\/b><\/p>\n<strong>Giorno 1<\/strong><br \/>\nArrivo a Prato in hotel e benvenuto e procedura di programma.\n<strong>Giorno 2<\/strong><br \/>\nAndiamo insieme allo Stilfserjoch, il nostro punto di partenza, con una vista enorme sul Gruppo Orterl. Attraverso l&#8217;interessante Goldseeweg si scende fino alle Furkelh\u00fctte e Stilfseralm fino a raggiungere finalmente il piccolo villaggio di montagna &#8220;Stilfs&#8221;.<br \/>\n<strong>Altitudine in salita:<\/strong> 335 m Altitudine metri in discesa: 1.811 hm, <strong>Distanza:<\/strong>18,5 km, <strong>Tempo di percorrenza:<\/strong>6 &#8211; 8 h\n<strong>Giorno 3<\/strong><br \/>\nProsegui fino al Ponte dello Stelvio oltre l&#8217;Alm di Vellnair con una magnifica vista alta sui suggestivi ghiacciai del Gruppo di Ortler. Dopo aver raggiunto il Toro e l&#8217;Alm di Vitello, non \u00e8 troppo lontano dalla nostra destinazione attuale, la D\u00fcsseldorferh\u00fctte 2.720 m.<br \/>\n<strong>Altitudine in salita:<\/strong> 1.796 hm, altitudine metri in discesa: 397 hm, <strong>distanza<\/strong> 17 km, <strong>tempo di percorrenza:<\/strong>7 &#8211; 9 h\n<strong>Giorno 4<\/strong><br \/>\ncomodo modo in discesa verso la stazione a monte fino al kanzellift e proseguire oltre il boden Rosim fino a Sch\u00f6ntaufjoch fino a raggiungere finalmente il Madrtischjoch 3.125 m. Ora possiamo anche vedere i glaciati Venetzienspitzen e Marmotta nella Valle Martell. Il nostro ulteriore sentiero scende attraverso il Madritschtal fino a raggiungere finalmente la nostra prossima destinazione, il Rifugio Casuale 2.265 m.<br \/>\n<strong>Altitudine in salita:<\/strong> 912 hm, altitudine metri in discesa: 2.305 hm, <strong>distanza<\/strong> 14 km, <strong>tempo di percorrenza:<\/strong>6 &#8211; 8 h\n<strong>Giorno 5<\/strong><br \/>\nAl mattino andiamo oggi oltre il sentiero n. 150 direzione sud-ovest, oltre la vecchia diga e fino al passo dell&#8217;Eissee. Dopo un lungo riposo si passa sopra il ghiacciaio fino al rifugio Casati a 3.269 m. Infine si torna a 585 hm in discesa fino al rifugio Pizzini a 2.706 m.<br \/>\n<strong>Metri di altitudine<\/strong> in salita: 1.008 hm, distanza in quota discesa 585 hm, <strong>distanza:<\/strong>6,5 km, <strong>tempo di percorrenza:<\/strong>6 &#8211; 8 h\n<strong>Giorno 6<\/strong><br \/>\nSi prosegue sul Passo Zebru a 3.000 m e scendendo nell&#8217;interessante Zebrutal, oltre il rifugio Portore fino alla Valfurvatal Sant Antorio, dove raggiungiamo nuovamente i pernottamenti.<br \/>\n<strong>Altitudine in salita:<\/strong> 898 m, altitudine in discesa: 1.796 m, <strong>distanza<\/strong> 20,5 km, <strong>tempo di percorrenza<\/strong> 7 &#8211; 9 h\n<strong>Giorno 7<\/strong><br \/>\nOggi proseguiamo verso il Lago di Cancano.<br \/>\n<strong>Altitudine in salita:<\/strong> 1.400 hm, altitudine metri in discesa: 792 hm, <strong>distanza:<\/strong>16 km, <strong>tempo di percorrenza:<\/strong>7 &#8211; 9 h\n<strong>Giorno 8<\/strong><br \/>\nDal Lago di Cancano proseguiamo fino al punto di partenza Stelvio, dove concluderemo la nostra settimana di tour in un accogliente hotel a Trafoi.<br \/>\n<strong>Altitudine in salita:<\/strong> 1.776 hm, altitudine metri in discesa: 918 hm, <strong>distanza:<\/strong>22 km, <strong>tempo di percorrenza:<\/strong>7 &#8211; 9 h\n<strong>Giorno 9<\/strong><br \/>\ncolazione e addio\n\t\t\t\t\t<a href=\"#\"  id=\"fl-accordion--label-0\" tabindex=\"0\" aria-controls=\"fl-accordion--panel-0\">*\/**\/***\/**** Descrizione dei Livelli di difficolt\u00e0<\/a>\n\t\t\t\t\t\t\t\t\t\t\t<a href=\"#\" id=\"fl-accordion--icon-0\"  tabindex=\"0\"><i title=\"Expand\">Expand<\/i><\/a>\n\t\t\t\t\t<p><strong>*<\/strong> non sono richiesti prerequisiti.<\/p>\n<p><strong>**<\/strong> condizione mediocre e una certa esperienza sono vantaggiose. Tour leggeri e medio-difficili, fino al massimo. 1.000 metri di altezza possibile.<\/p>\n<p><strong>***<\/strong> necessarie buone condizioni, sicurezza dei piedi, camminare con ramponi anche su terreni pi\u00f9 ripidi o gradi. (massimo a 2 gradi) A piedi da 5 a 7 ore<\/p>\n<p><strong>****<\/strong> buona condizione, una resistenza, una tecnica di rampone sicura, un terreno sicuro anche su creste strette ed esposte sul terreno combinato. (massima terza cresta) Tempi di percorrenza circa 10 ore<\/p>\n\t\t\t<a href=\"https:\/\/bergerlebnisse.com\/it\/richiesta-prenotazione\/\" target=\"_self\">\n\t\t\t\t\t\t\tRichiesta \/ Prenotazione\n\t\t\t\t\t<\/a>\n<h2>\n\t\t\tSUGGERIMENTO: Buoni regalo\t<\/h2>\n\t<h4>Regalare un&#8217;esperienza indimenticabile<\/h4>\nTutti i tour offerti possono anche essere forniti come voucher di avventura.<br \/>\nBasta selezionare il tour e la data desiderati e ti invieremo il tuo voucher regalo personale in PDF, che puoi semplicemente stampare da solo!\n\t\t\t<a href=\"http:\/\/bergerlebnisse.com\/it\/buono-regalo\/\" target=\"_self\">\n\t\t\t\t\t\tOrdinare un voucher\n\t\t\t\t\t<\/a>\n\t<h2>\n\t\t\t\tI NOSTRI PARTNER\n\t\t\t<\/h2>\n\t\t\t\t<a href=\"http:\/\/www.gasthaus-sonneck.it\/\"  target=\"_blank\" rel=\"noopener\"  itemprop=\"url\">\n\t\t\t\t<img decoding=\"async\" src=\"http:\/\/bergerlebnisse.com\/wp-content\/uploads\/2020\/02\/Logo-Sonneck.jpg\" alt=\"Logo Sonneck\" itemprop=\"image\" title=\"Logo Sonneck\" onerror=\"this.style.display='none'\" loading=\"lazy\" \/>\n\t\t\t\t<\/a>\n\t\t\t\t<a href=\"http:\/\/hochseilgarten-laas.it\"  target=\"_blank\" rel=\"noopener\"  itemprop=\"url\">\n\t\t\t\t<img decoding=\"async\" src=\"http:\/\/bergerlebnisse.com\/wp-content\/uploads\/2020\/02\/Logo-Hochseilgarten.jpg\" alt=\"Logo corde alte corso\" itemprop=\"image\" title=\"Logo corde alte corso\" onerror=\"this.style.display='none'\" loading=\"lazy\" \/>\n\t\t\t\t<\/a>\n\t\t\t\t<a href=\"https:\/\/www.schweitzer-getraenke.it\/\"  target=\"_blank\" rel=\"noopener\"  itemprop=\"url\">\n\t\t\t\t<img decoding=\"async\" src=\"http:\/\/bergerlebnisse.com\/wp-content\/uploads\/2020\/02\/Logo-Schweizer.jpg\" alt=\"Logo-Svizzero\" itemprop=\"image\" title=\"Logo-Svizzero\" onerror=\"this.style.display='none'\" loading=\"lazy\" \/>\n\t\t\t\t<\/a>\n\t\t\t\t<a href=\"https:\/\/www.saegemuehle.it\/de\/\"  target=\"_blank\" rel=\"noopener\"  itemprop=\"url\">\n\t\t\t\t<img decoding=\"async\" src=\"http:\/\/bergerlebnisse.com\/wp-content\/uploads\/2020\/02\/Logo-S\u00e4gem\u00fchle.jpg\" alt=\"Segheria logo\" itemprop=\"image\" title=\"Segheria logo\" onerror=\"this.style.display='none'\" loading=\"lazy\" \/>\n\t\t\t\t<\/a>\n\t\t\t\t<a href=\"https:\/\/www.bergfrieden.com\"  target=\"_blank\" rel=\"noopener\"  itemprop=\"url\">\n\t\t\t\t<img decoding=\"async\" src=\"http:\/\/bergerlebnisse.com\/wp-content\/uploads\/2020\/02\/Bergfrieden-Logo.jpg\" alt=\"Bergfrieden-Logo\" itemprop=\"image\" title=\"Bergfrieden-Logo\" onerror=\"this.style.display='none'\" loading=\"lazy\" \/>\n\t\t\t\t<\/a>\n\t\t\t\t<a href=\"https:\/\/www.odler.it\/pizzeria-odler-laas\/\"  target=\"_blank\" rel=\"noopener\"  itemprop=\"url\">\n\t\t\t\t<img decoding=\"async\" src=\"http:\/\/bergerlebnisse.com\/wp-content\/uploads\/2020\/02\/logo_kl.jpg\" alt=\"logo_kl\" itemprop=\"image\" title=\"logo_kl\" onerror=\"this.style.display='none'\" loading=\"lazy\" \/>\n\t\t\t\t<\/a>\n\n","protected":false},"excerpt":{"rendered":"<p>Escursione in montagna intorno al massiccio di Ortler data: 04.-12.07. \/ 29.08.-06.09.2026 Servizi: 8 x visite guidate, trasferimento,4 x mezzapensione in ***hotel e 4 x in Rifugi, attrezzature a noleggio per l&#8217;attraversamento del ghiacciaio. Prezzo: \u20ac 1200 a persona Partecipanti: 6-8 persone Prerequisito: ottime condizioni, tempi di perezione tra le 7 e le 8 ore&hellip;<\/p>\n","protected":false},"author":1,"featured_media":0,"parent":2185,"menu_order":0,"comment_status":"closed","ping_status":"closed","template":"","meta":{"inline_featured_image":false,"footnotes":""},"class_list":["post-2186","page","type-page","status-publish","hentry"],"yoast_head":"<!-- This site is optimized with the Yoast SEO plugin v26.8 - https:\/\/yoast.com\/product\/yoast-seo-wordpress\/ -->\n<title>Escursione guidata intorno al massiccio del Ortles<\/title>\n<meta name=\"description\" content=\"L&#039;impegnativo percorso ad alta quota si estende dall&#039;Alto Adige alla Lombardia. Itinerario sui ghiacciai con una magnifica vista panoramica.\" \/>\n<meta name=\"robots\" content=\"index, follow, max-snippet:-1, max-image-preview:large, max-video-preview:-1\" \/>\n<link rel=\"canonical\" href=\"https:\/\/bergerlebnisse.com\/it\/estate\/settimane-escursionistiche\/ww-02\/\" \/>\n<meta property=\"og:locale\" content=\"it_IT\" \/>\n<meta property=\"og:type\" content=\"article\" \/>\n<meta property=\"og:title\" content=\"Escursione guidata intorno al massiccio del Ortles\" \/>\n<meta property=\"og:description\" content=\"L&#039;impegnativo percorso ad alta quota si estende dall&#039;Alto Adige alla Lombardia. Itinerario sui ghiacciai con una magnifica vista panoramica.\" \/>\n<meta property=\"og:url\" content=\"https:\/\/bergerlebnisse.com\/it\/estate\/settimane-escursionistiche\/ww-02\/\" \/>\n<meta property=\"og:site_name\" content=\"Bergerlebnisse\" \/>\n<meta property=\"article:publisher\" content=\"https:\/\/www.facebook.com\/skischuletrafoi\" \/>\n<meta property=\"article:modified_time\" content=\"2025-09-07T07:05:13+00:00\" \/>\n<meta property=\"og:image\" content=\"http:\/\/bergerlebnisse.com\/wp-content\/uploads\/2020\/02\/Logo-Sonneck.jpg\" \/>\n<meta name=\"twitter:card\" content=\"summary_large_image\" \/>\n<meta name=\"twitter:label1\" content=\"Tempo di lettura stimato\" \/>\n\t<meta name=\"twitter:data1\" content=\"7 minuti\" \/>\n<script type=\"application\/ld+json\" class=\"yoast-schema-graph\">{\"@context\":\"https:\/\/schema.org\",\"@graph\":[{\"@type\":\"WebPage\",\"@id\":\"https:\/\/bergerlebnisse.com\/it\/estate\/settimane-escursionistiche\/ww-02\/\",\"url\":\"https:\/\/bergerlebnisse.com\/it\/estate\/settimane-escursionistiche\/ww-02\/\",\"name\":\"Escursione guidata intorno al massiccio del Ortles\",\"isPartOf\":{\"@id\":\"https:\/\/bergerlebnisse.com\/it\/#website\"},\"primaryImageOfPage\":{\"@id\":\"https:\/\/bergerlebnisse.com\/it\/estate\/settimane-escursionistiche\/ww-02\/#primaryimage\"},\"image\":{\"@id\":\"https:\/\/bergerlebnisse.com\/it\/estate\/settimane-escursionistiche\/ww-02\/#primaryimage\"},\"thumbnailUrl\":\"http:\/\/bergerlebnisse.com\/wp-content\/uploads\/2020\/02\/Logo-Sonneck.jpg\",\"datePublished\":\"2020-03-20T22:19:49+00:00\",\"dateModified\":\"2025-09-07T07:05:13+00:00\",\"description\":\"L'impegnativo percorso ad alta quota si estende dall'Alto Adige alla Lombardia. Itinerario sui ghiacciai con una magnifica vista panoramica.\",\"breadcrumb\":{\"@id\":\"https:\/\/bergerlebnisse.com\/it\/estate\/settimane-escursionistiche\/ww-02\/#breadcrumb\"},\"inLanguage\":\"it-IT\",\"potentialAction\":[{\"@type\":\"ReadAction\",\"target\":[\"https:\/\/bergerlebnisse.com\/it\/estate\/settimane-escursionistiche\/ww-02\/\"]}]},{\"@type\":\"ImageObject\",\"inLanguage\":\"it-IT\",\"@id\":\"https:\/\/bergerlebnisse.com\/it\/estate\/settimane-escursionistiche\/ww-02\/#primaryimage\",\"url\":\"http:\/\/bergerlebnisse.com\/wp-content\/uploads\/2020\/02\/Logo-Sonneck.jpg\",\"contentUrl\":\"http:\/\/bergerlebnisse.com\/wp-content\/uploads\/2020\/02\/Logo-Sonneck.jpg\"},{\"@type\":\"BreadcrumbList\",\"@id\":\"https:\/\/bergerlebnisse.com\/it\/estate\/settimane-escursionistiche\/ww-02\/#breadcrumb\",\"itemListElement\":[{\"@type\":\"ListItem\",\"position\":1,\"name\":\"Startseite\",\"item\":\"https:\/\/bergerlebnisse.com\/it\/\"},{\"@type\":\"ListItem\",\"position\":2,\"name\":\"ESTATE\",\"item\":\"https:\/\/bergerlebnisse.com\/it\/estate\/\"},{\"@type\":\"ListItem\",\"position\":3,\"name\":\"SETTIMANE ESCURSIONISTICHE\",\"item\":\"https:\/\/bergerlebnisse.com\/it\/estate\/settimane-escursionistiche\/\"},{\"@type\":\"ListItem\",\"position\":4,\"name\":\"ww-02 (in modo\"}]},{\"@type\":\"WebSite\",\"@id\":\"https:\/\/bergerlebnisse.com\/it\/#website\",\"url\":\"https:\/\/bergerlebnisse.com\/it\/\",\"name\":\"Skischule Trafoi\",\"description\":\"Erlebe die S\u00fcdtiroler Berge mit einem Experten\",\"publisher\":{\"@id\":\"https:\/\/bergerlebnisse.com\/it\/#organization\"},\"potentialAction\":[{\"@type\":\"SearchAction\",\"target\":{\"@type\":\"EntryPoint\",\"urlTemplate\":\"https:\/\/bergerlebnisse.com\/it\/?s={search_term_string}\"},\"query-input\":{\"@type\":\"PropertyValueSpecification\",\"valueRequired\":true,\"valueName\":\"search_term_string\"}}],\"inLanguage\":\"it-IT\"},{\"@type\":\"Organization\",\"@id\":\"https:\/\/bergerlebnisse.com\/it\/#organization\",\"name\":\"Skischule Trafoi\",\"url\":\"https:\/\/bergerlebnisse.com\/it\/\",\"logo\":{\"@type\":\"ImageObject\",\"inLanguage\":\"it-IT\",\"@id\":\"https:\/\/bergerlebnisse.com\/it\/#\/schema\/logo\/image\/\",\"url\":\"\",\"contentUrl\":\"\",\"caption\":\"Skischule Trafoi\"},\"image\":{\"@id\":\"https:\/\/bergerlebnisse.com\/it\/#\/schema\/logo\/image\/\"},\"sameAs\":[\"https:\/\/www.facebook.com\/skischuletrafoi\",\"https:\/\/www.instagram.com\/skischule_trafoi\/\"]}]}<\/script>\n<!-- \/ Yoast SEO plugin. -->","yoast_head_json":{"title":"Escursione guidata intorno al massiccio del Ortles","description":"L'impegnativo percorso ad alta quota si estende dall'Alto Adige alla Lombardia. Itinerario sui ghiacciai con una magnifica vista panoramica.","robots":{"index":"index","follow":"follow","max-snippet":"max-snippet:-1","max-image-preview":"max-image-preview:large","max-video-preview":"max-video-preview:-1"},"canonical":"https:\/\/bergerlebnisse.com\/it\/estate\/settimane-escursionistiche\/ww-02\/","og_locale":"it_IT","og_type":"article","og_title":"Escursione guidata intorno al massiccio del Ortles","og_description":"L'impegnativo percorso ad alta quota si estende dall'Alto Adige alla Lombardia. Itinerario sui ghiacciai con una magnifica vista panoramica.","og_url":"https:\/\/bergerlebnisse.com\/it\/estate\/settimane-escursionistiche\/ww-02\/","og_site_name":"Bergerlebnisse","article_publisher":"https:\/\/www.facebook.com\/skischuletrafoi","article_modified_time":"2025-09-07T07:05:13+00:00","og_image":[{"url":"http:\/\/bergerlebnisse.com\/wp-content\/uploads\/2020\/02\/Logo-Sonneck.jpg","type":"","width":"","height":""}],"twitter_card":"summary_large_image","twitter_misc":{"Tempo di lettura stimato":"7 minuti"},"schema":{"@context":"https:\/\/schema.org","@graph":[{"@type":"WebPage","@id":"https:\/\/bergerlebnisse.com\/it\/estate\/settimane-escursionistiche\/ww-02\/","url":"https:\/\/bergerlebnisse.com\/it\/estate\/settimane-escursionistiche\/ww-02\/","name":"Escursione guidata intorno al massiccio del Ortles","isPartOf":{"@id":"https:\/\/bergerlebnisse.com\/it\/#website"},"primaryImageOfPage":{"@id":"https:\/\/bergerlebnisse.com\/it\/estate\/settimane-escursionistiche\/ww-02\/#primaryimage"},"image":{"@id":"https:\/\/bergerlebnisse.com\/it\/estate\/settimane-escursionistiche\/ww-02\/#primaryimage"},"thumbnailUrl":"http:\/\/bergerlebnisse.com\/wp-content\/uploads\/2020\/02\/Logo-Sonneck.jpg","datePublished":"2020-03-20T22:19:49+00:00","dateModified":"2025-09-07T07:05:13+00:00","description":"L'impegnativo percorso ad alta quota si estende dall'Alto Adige alla Lombardia. Itinerario sui ghiacciai con una magnifica vista panoramica.","breadcrumb":{"@id":"https:\/\/bergerlebnisse.com\/it\/estate\/settimane-escursionistiche\/ww-02\/#breadcrumb"},"inLanguage":"it-IT","potentialAction":[{"@type":"ReadAction","target":["https:\/\/bergerlebnisse.com\/it\/estate\/settimane-escursionistiche\/ww-02\/"]}]},{"@type":"ImageObject","inLanguage":"it-IT","@id":"https:\/\/bergerlebnisse.com\/it\/estate\/settimane-escursionistiche\/ww-02\/#primaryimage","url":"http:\/\/bergerlebnisse.com\/wp-content\/uploads\/2020\/02\/Logo-Sonneck.jpg","contentUrl":"http:\/\/bergerlebnisse.com\/wp-content\/uploads\/2020\/02\/Logo-Sonneck.jpg"},{"@type":"BreadcrumbList","@id":"https:\/\/bergerlebnisse.com\/it\/estate\/settimane-escursionistiche\/ww-02\/#breadcrumb","itemListElement":[{"@type":"ListItem","position":1,"name":"Startseite","item":"https:\/\/bergerlebnisse.com\/it\/"},{"@type":"ListItem","position":2,"name":"ESTATE","item":"https:\/\/bergerlebnisse.com\/it\/estate\/"},{"@type":"ListItem","position":3,"name":"SETTIMANE ESCURSIONISTICHE","item":"https:\/\/bergerlebnisse.com\/it\/estate\/settimane-escursionistiche\/"},{"@type":"ListItem","position":4,"name":"ww-02 (in modo"}]},{"@type":"WebSite","@id":"https:\/\/bergerlebnisse.com\/it\/#website","url":"https:\/\/bergerlebnisse.com\/it\/","name":"Skischule Trafoi","description":"Erlebe die S\u00fcdtiroler Berge mit einem Experten","publisher":{"@id":"https:\/\/bergerlebnisse.com\/it\/#organization"},"potentialAction":[{"@type":"SearchAction","target":{"@type":"EntryPoint","urlTemplate":"https:\/\/bergerlebnisse.com\/it\/?s={search_term_string}"},"query-input":{"@type":"PropertyValueSpecification","valueRequired":true,"valueName":"search_term_string"}}],"inLanguage":"it-IT"},{"@type":"Organization","@id":"https:\/\/bergerlebnisse.com\/it\/#organization","name":"Skischule Trafoi","url":"https:\/\/bergerlebnisse.com\/it\/","logo":{"@type":"ImageObject","inLanguage":"it-IT","@id":"https:\/\/bergerlebnisse.com\/it\/#\/schema\/logo\/image\/","url":"","contentUrl":"","caption":"Skischule Trafoi"},"image":{"@id":"https:\/\/bergerlebnisse.com\/it\/#\/schema\/logo\/image\/"},"sameAs":["https:\/\/www.facebook.com\/skischuletrafoi","https:\/\/www.instagram.com\/skischule_trafoi\/"]}]}},"_links":{"self":[{"href":"https:\/\/bergerlebnisse.com\/it\/wp-json\/wp\/v2\/pages\/2186","targetHints":{"allow":["GET"]}}],"collection":[{"href":"https:\/\/bergerlebnisse.com\/it\/wp-json\/wp\/v2\/pages"}],"about":[{"href":"https:\/\/bergerlebnisse.com\/it\/wp-json\/wp\/v2\/types\/page"}],"author":[{"embeddable":true,"href":"https:\/\/bergerlebnisse.com\/it\/wp-json\/wp\/v2\/users\/1"}],"replies":[{"embeddable":true,"href":"https:\/\/bergerlebnisse.com\/it\/wp-json\/wp\/v2\/comments?post=2186"}],"version-history":[{"count":6,"href":"https:\/\/bergerlebnisse.com\/it\/wp-json\/wp\/v2\/pages\/2186\/revisions"}],"predecessor-version":[{"id":7133,"href":"https:\/\/bergerlebnisse.com\/it\/wp-json\/wp\/v2\/pages\/2186\/revisions\/7133"}],"up":[{"embeddable":true,"href":"https:\/\/bergerlebnisse.com\/it\/wp-json\/wp\/v2\/pages\/2185"}],"wp:attachment":[{"href":"https:\/\/bergerlebnisse.com\/it\/wp-json\/wp\/v2\/media?parent=2186"}],"curies":[{"name":"wp","href":"https:\/\/api.w.org\/{rel}","templated":true}]}}