{"id":2166,"date":"2020-03-20T23:01:08","date_gmt":"2020-03-20T22:01:08","guid":{"rendered":"http:\/\/bergerlebnisse.com\/estate\/settimane-di-arrampicata\/"},"modified":"2025-09-07T09:47:51","modified_gmt":"2025-09-07T07:47:51","slug":"settimane-di-arrampicata","status":"publish","type":"page","link":"https:\/\/bergerlebnisse.com\/it\/estate\/settimane-di-arrampicata\/","title":{"rendered":"SETTIMANE DI ARRAMPICATA"},"content":{"rendered":"\n<h1>\n\t\t\tSettimane di ferrata\t<\/h1>\n\t\t\t\t<img decoding=\"async\" src=\"http:\/\/bergerlebnisse.com\/wp-content\/uploads\/2020\/03\/Dolomiten-6.jpg\" alt=\"Dolomiti-6\" itemprop=\"image\" title=\"Dolomiti-6\" onerror=\"this.style.display='none'\" loading=\"lazy\" \/>\n<h3>\n\t\t\t4 Giorni corsi di ferrata &#8211; lago garda  \t<\/h3>\n\t<p>26.04.-02.05. \/ 13.-18.09.2026<\/p>\n\t\t\t<a href=\"http:\/\/bergerlebnisse.com\/it\/estate\/settimane-di-arrampicata\/klst-01\/\" target=\"_self\">\n\t\t\t\t\t\t\tPer saperne di pi\u00f9\n\t\t\t\t\t<\/a>\n\t\t\t\t<img decoding=\"async\" src=\"http:\/\/bergerlebnisse.com\/wp-content\/uploads\/2020\/03\/Dolomiten4.jpg\" alt=\"Dolomiti4\" itemprop=\"image\" title=\"Dolomiti4\" onerror=\"this.style.display='none'\" loading=\"lazy\" \/>\n<h3>\n\t\t\tsetimana di ferate Dolomiti\t<\/h3>\n\t<p><b>21.-27.06.2026<\/b><\/p>\n\t\t\t<a href=\"http:\/\/bergerlebnisse.com\/it\/estate\/settimane-di-arrampicata\/klst-02\/\" target=\"_self\">\n\t\t\t\t\t\t\tPer saperne di pi\u00f9\n\t\t\t\t\t<\/a>\n\t\t\t\t<img decoding=\"async\" src=\"http:\/\/bergerlebnisse.com\/wp-content\/uploads\/2021\/06\/3-zinnen-dolomiten-4.jpg\" alt=\"3-zinnen-dolomiten-4\" itemprop=\"image\" title=\"3-zinnen-dolomiten-4\" onerror=\"this.style.display='none'\" loading=\"lazy\" \/>\n<h3>\n\t\t\tSettimana delle vie ferrate nel cuore dei 3 Zinnen\t<\/h3>\n\t<p><strong>Data desiderata settembre<\/strong><\/p>\n\t\t\t<a href=\"http:\/\/bergerlebnisse.com\/it\/estate\/settimane-di-arrampicata\/klst-04\/\" target=\"_self\">\n\t\t\t\t\t\t\tPer saperne di pi\u00f9\n\t\t\t\t\t<\/a>\n\t\t\t\t<img decoding=\"async\" src=\"http:\/\/bergerlebnisse.com\/wp-content\/uploads\/2020\/04\/Brenta2.jpg\" alt=\"Brenta2\" itemprop=\"image\" title=\"Brenta2\" onerror=\"this.style.display='none'\" loading=\"lazy\" \/>\n<h3>\n\t\t\tArrampicata Brenta per intenditori\t<\/h3>\n\t<p><b>02.-05.08.2026<\/b><\/p>\n\t\t\t<a href=\"http:\/\/bergerlebnisse.com\/it\/estate\/settimane-di-arrampicata\/klst-03\/\" target=\"_self\">\n\t\t\t\t\t\t\tPer saperne di pi\u00f9\n\t\t\t\t\t<\/a>\n<h3>\n\t\t\tIl tuo tour dei desideri non \u00e8 incluso?\t<\/h3>\n\t<p><b>Se chiedi in anticipo, i tour individuali sono possibili in qualsiasi momento, pianifico il tour dei tuoi sogni insieme a te!<\/b><\/p>\n\t\t\t<a href=\"https:\/\/bergerlebnisse.com\/it\/pianificazione-dei-singoli-percorsi\/\" target=\"_self\">\n\t\t\t\t\t\t\tPer saperne di pi\u00f9\n\t\t\t\t\t<\/a>\n<h2>\n\t\t\tSUGGERIMENTO: Buoni regalo\t<\/h2>\n\t<h4>Regalare un&#8217;esperienza indimenticabile<\/h4>\nTutti i tour offerti possono anche essere forniti come voucher di avventura.<br \/>\nBasta selezionare il tour e la data desiderati e ti invieremo il tuo voucher regalo personale in PDF, che puoi semplicemente stampare da solo!\n\t\t\t<a href=\"http:\/\/bergerlebnisse.com\/it\/buono-regalo\/\" target=\"_self\">\n\t\t\t\t\t\tOrdinare un voucher\n\t\t\t\t\t<\/a>\n\t<h2>\n\t\t\t\tI NOSTRI PARTNER\n\t\t\t<\/h2>\n\t\t\t\t<a href=\"http:\/\/www.gasthaus-sonneck.it\/\"  target=\"_blank\" rel=\"noopener\"  itemprop=\"url\">\n\t\t\t\t<img decoding=\"async\" src=\"http:\/\/bergerlebnisse.com\/wp-content\/uploads\/2020\/02\/Logo-Sonneck.jpg\" alt=\"Logo Sonneck\" itemprop=\"image\" title=\"Logo Sonneck\" onerror=\"this.style.display='none'\" loading=\"lazy\" \/>\n\t\t\t\t<\/a>\n\t\t\t\t<a href=\"http:\/\/hochseilgarten-laas.it\"  target=\"_blank\" rel=\"noopener\"  itemprop=\"url\">\n\t\t\t\t<img decoding=\"async\" src=\"http:\/\/bergerlebnisse.com\/wp-content\/uploads\/2020\/02\/Logo-Hochseilgarten.jpg\" alt=\"Logo corde alte corso\" itemprop=\"image\" title=\"Logo corde alte corso\" onerror=\"this.style.display='none'\" loading=\"lazy\" \/>\n\t\t\t\t<\/a>\n\t\t\t\t<a href=\"https:\/\/www.schweitzer-getraenke.it\/\"  target=\"_blank\" rel=\"noopener\"  itemprop=\"url\">\n\t\t\t\t<img decoding=\"async\" src=\"http:\/\/bergerlebnisse.com\/wp-content\/uploads\/2020\/02\/Logo-Schweizer.jpg\" alt=\"Logo-Svizzero\" itemprop=\"image\" title=\"Logo-Svizzero\" onerror=\"this.style.display='none'\" loading=\"lazy\" \/>\n\t\t\t\t<\/a>\n\t\t\t\t<a href=\"https:\/\/www.saegemuehle.it\/de\/\"  target=\"_blank\" rel=\"noopener\"  itemprop=\"url\">\n\t\t\t\t<img decoding=\"async\" src=\"http:\/\/bergerlebnisse.com\/wp-content\/uploads\/2020\/02\/Logo-S\u00e4gem\u00fchle.jpg\" alt=\"Segheria logo\" itemprop=\"image\" title=\"Segheria logo\" onerror=\"this.style.display='none'\" loading=\"lazy\" \/>\n\t\t\t\t<\/a>\n\t\t\t\t<a href=\"https:\/\/www.bergfrieden.com\"  target=\"_blank\" rel=\"noopener\"  itemprop=\"url\">\n\t\t\t\t<img decoding=\"async\" src=\"http:\/\/bergerlebnisse.com\/wp-content\/uploads\/2020\/02\/Bergfrieden-Logo.jpg\" alt=\"Bergfrieden-Logo\" itemprop=\"image\" title=\"Bergfrieden-Logo\" onerror=\"this.style.display='none'\" loading=\"lazy\" \/>\n\t\t\t\t<\/a>\n\t\t\t\t<a href=\"https:\/\/www.odler.it\/pizzeria-odler-laas\/\"  target=\"_blank\" rel=\"noopener\"  itemprop=\"url\">\n\t\t\t\t<img decoding=\"async\" src=\"http:\/\/bergerlebnisse.com\/wp-content\/uploads\/2020\/02\/logo_kl.jpg\" alt=\"logo_kl\" itemprop=\"image\" title=\"logo_kl\" onerror=\"this.style.display='none'\" loading=\"lazy\" \/>\n\t\t\t\t<\/a>\n\n","protected":false},"excerpt":{"rendered":"<p>Settimane di ferrata 4 Giorni corsi di ferrata &#8211; lago garda 26.04.-02.05. \/ 13.-18.09.2026 Per saperne di pi\u00f9 setimana di ferate Dolomiti 21.-27.06.2026 Per saperne di pi\u00f9 Settimana delle vie ferrate nel cuore dei 3 Zinnen Data desiderata settembre Per saperne di pi\u00f9 Arrampicata Brenta per intenditori 02.-05.08.2026 Per saperne di pi\u00f9 Il tuo tour&hellip;<\/p>\n","protected":false},"author":1,"featured_media":0,"parent":2120,"menu_order":3,"comment_status":"closed","ping_status":"closed","template":"","meta":{"inline_featured_image":false,"footnotes":""},"class_list":["post-2166","page","type-page","status-publish","hentry"],"yoast_head":"<!-- This site is optimized with the Yoast SEO plugin v26.8 - https:\/\/yoast.com\/product\/yoast-seo-wordpress\/ -->\n<title>Settimane di arrampicata con guida alpina Georg Maschler<\/title>\n<meta name=\"description\" content=\"Settimane di arrampicata nelle Dolomiti, sul lago Brenta o sul lago di Garda. Un&#039;offerta di arrampicata varia - adatta dal principiante al professionista\" \/>\n<meta name=\"robots\" content=\"index, follow, max-snippet:-1, max-image-preview:large, max-video-preview:-1\" \/>\n<link rel=\"canonical\" href=\"https:\/\/bergerlebnisse.com\/it\/estate\/settimane-di-arrampicata\/\" \/>\n<meta property=\"og:locale\" content=\"it_IT\" \/>\n<meta property=\"og:type\" content=\"article\" \/>\n<meta property=\"og:title\" content=\"Settimane di arrampicata con guida alpina Georg Maschler\" \/>\n<meta property=\"og:description\" content=\"Settimane di arrampicata nelle Dolomiti, sul lago Brenta o sul lago di Garda. Un&#039;offerta di arrampicata varia - adatta dal principiante al professionista\" \/>\n<meta property=\"og:url\" content=\"https:\/\/bergerlebnisse.com\/it\/estate\/settimane-di-arrampicata\/\" \/>\n<meta property=\"og:site_name\" content=\"Bergerlebnisse\" \/>\n<meta property=\"article:publisher\" content=\"https:\/\/www.facebook.com\/skischuletrafoi\" \/>\n<meta property=\"article:modified_time\" content=\"2025-09-07T07:47:51+00:00\" \/>\n<meta property=\"og:image\" content=\"http:\/\/bergerlebnisse.com\/wp-content\/uploads\/2020\/03\/Dolomiten-6.jpg\" \/>\n<meta name=\"twitter:card\" content=\"summary_large_image\" \/>\n<meta name=\"twitter:label1\" content=\"Tempo di lettura stimato\" \/>\n\t<meta name=\"twitter:data1\" content=\"3 minuti\" \/>\n<script type=\"application\/ld+json\" class=\"yoast-schema-graph\">{\"@context\":\"https:\/\/schema.org\",\"@graph\":[{\"@type\":\"WebPage\",\"@id\":\"https:\/\/bergerlebnisse.com\/it\/estate\/settimane-di-arrampicata\/\",\"url\":\"https:\/\/bergerlebnisse.com\/it\/estate\/settimane-di-arrampicata\/\",\"name\":\"Settimane di arrampicata con guida alpina Georg Maschler\",\"isPartOf\":{\"@id\":\"https:\/\/bergerlebnisse.com\/it\/#website\"},\"primaryImageOfPage\":{\"@id\":\"https:\/\/bergerlebnisse.com\/it\/estate\/settimane-di-arrampicata\/#primaryimage\"},\"image\":{\"@id\":\"https:\/\/bergerlebnisse.com\/it\/estate\/settimane-di-arrampicata\/#primaryimage\"},\"thumbnailUrl\":\"http:\/\/bergerlebnisse.com\/wp-content\/uploads\/2020\/03\/Dolomiten-6.jpg\",\"datePublished\":\"2020-03-20T22:01:08+00:00\",\"dateModified\":\"2025-09-07T07:47:51+00:00\",\"description\":\"Settimane di arrampicata nelle Dolomiti, sul lago Brenta o sul lago di Garda. Un'offerta di arrampicata varia - adatta dal principiante al professionista\",\"breadcrumb\":{\"@id\":\"https:\/\/bergerlebnisse.com\/it\/estate\/settimane-di-arrampicata\/#breadcrumb\"},\"inLanguage\":\"it-IT\",\"potentialAction\":[{\"@type\":\"ReadAction\",\"target\":[\"https:\/\/bergerlebnisse.com\/it\/estate\/settimane-di-arrampicata\/\"]}]},{\"@type\":\"ImageObject\",\"inLanguage\":\"it-IT\",\"@id\":\"https:\/\/bergerlebnisse.com\/it\/estate\/settimane-di-arrampicata\/#primaryimage\",\"url\":\"http:\/\/bergerlebnisse.com\/wp-content\/uploads\/2020\/03\/Dolomiten-6.jpg\",\"contentUrl\":\"http:\/\/bergerlebnisse.com\/wp-content\/uploads\/2020\/03\/Dolomiten-6.jpg\"},{\"@type\":\"BreadcrumbList\",\"@id\":\"https:\/\/bergerlebnisse.com\/it\/estate\/settimane-di-arrampicata\/#breadcrumb\",\"itemListElement\":[{\"@type\":\"ListItem\",\"position\":1,\"name\":\"Startseite\",\"item\":\"https:\/\/bergerlebnisse.com\/it\/\"},{\"@type\":\"ListItem\",\"position\":2,\"name\":\"ESTATE\",\"item\":\"https:\/\/bergerlebnisse.com\/it\/estate\/\"},{\"@type\":\"ListItem\",\"position\":3,\"name\":\"SETTIMANE DI ARRAMPICATA\"}]},{\"@type\":\"WebSite\",\"@id\":\"https:\/\/bergerlebnisse.com\/it\/#website\",\"url\":\"https:\/\/bergerlebnisse.com\/it\/\",\"name\":\"Skischule Trafoi\",\"description\":\"Erlebe die S\u00fcdtiroler Berge mit einem Experten\",\"publisher\":{\"@id\":\"https:\/\/bergerlebnisse.com\/it\/#organization\"},\"potentialAction\":[{\"@type\":\"SearchAction\",\"target\":{\"@type\":\"EntryPoint\",\"urlTemplate\":\"https:\/\/bergerlebnisse.com\/it\/?s={search_term_string}\"},\"query-input\":{\"@type\":\"PropertyValueSpecification\",\"valueRequired\":true,\"valueName\":\"search_term_string\"}}],\"inLanguage\":\"it-IT\"},{\"@type\":\"Organization\",\"@id\":\"https:\/\/bergerlebnisse.com\/it\/#organization\",\"name\":\"Skischule Trafoi\",\"url\":\"https:\/\/bergerlebnisse.com\/it\/\",\"logo\":{\"@type\":\"ImageObject\",\"inLanguage\":\"it-IT\",\"@id\":\"https:\/\/bergerlebnisse.com\/it\/#\/schema\/logo\/image\/\",\"url\":\"\",\"contentUrl\":\"\",\"caption\":\"Skischule Trafoi\"},\"image\":{\"@id\":\"https:\/\/bergerlebnisse.com\/it\/#\/schema\/logo\/image\/\"},\"sameAs\":[\"https:\/\/www.facebook.com\/skischuletrafoi\",\"https:\/\/www.instagram.com\/skischule_trafoi\/\"]}]}<\/script>\n<!-- \/ Yoast SEO plugin. -->","yoast_head_json":{"title":"Settimane di arrampicata con guida alpina Georg Maschler","description":"Settimane di arrampicata nelle Dolomiti, sul lago Brenta o sul lago di Garda. Un'offerta di arrampicata varia - adatta dal principiante al professionista","robots":{"index":"index","follow":"follow","max-snippet":"max-snippet:-1","max-image-preview":"max-image-preview:large","max-video-preview":"max-video-preview:-1"},"canonical":"https:\/\/bergerlebnisse.com\/it\/estate\/settimane-di-arrampicata\/","og_locale":"it_IT","og_type":"article","og_title":"Settimane di arrampicata con guida alpina Georg Maschler","og_description":"Settimane di arrampicata nelle Dolomiti, sul lago Brenta o sul lago di Garda. Un'offerta di arrampicata varia - adatta dal principiante al professionista","og_url":"https:\/\/bergerlebnisse.com\/it\/estate\/settimane-di-arrampicata\/","og_site_name":"Bergerlebnisse","article_publisher":"https:\/\/www.facebook.com\/skischuletrafoi","article_modified_time":"2025-09-07T07:47:51+00:00","og_image":[{"url":"http:\/\/bergerlebnisse.com\/wp-content\/uploads\/2020\/03\/Dolomiten-6.jpg","type":"","width":"","height":""}],"twitter_card":"summary_large_image","twitter_misc":{"Tempo di lettura stimato":"3 minuti"},"schema":{"@context":"https:\/\/schema.org","@graph":[{"@type":"WebPage","@id":"https:\/\/bergerlebnisse.com\/it\/estate\/settimane-di-arrampicata\/","url":"https:\/\/bergerlebnisse.com\/it\/estate\/settimane-di-arrampicata\/","name":"Settimane di arrampicata con guida alpina Georg Maschler","isPartOf":{"@id":"https:\/\/bergerlebnisse.com\/it\/#website"},"primaryImageOfPage":{"@id":"https:\/\/bergerlebnisse.com\/it\/estate\/settimane-di-arrampicata\/#primaryimage"},"image":{"@id":"https:\/\/bergerlebnisse.com\/it\/estate\/settimane-di-arrampicata\/#primaryimage"},"thumbnailUrl":"http:\/\/bergerlebnisse.com\/wp-content\/uploads\/2020\/03\/Dolomiten-6.jpg","datePublished":"2020-03-20T22:01:08+00:00","dateModified":"2025-09-07T07:47:51+00:00","description":"Settimane di arrampicata nelle Dolomiti, sul lago Brenta o sul lago di Garda. Un'offerta di arrampicata varia - adatta dal principiante al professionista","breadcrumb":{"@id":"https:\/\/bergerlebnisse.com\/it\/estate\/settimane-di-arrampicata\/#breadcrumb"},"inLanguage":"it-IT","potentialAction":[{"@type":"ReadAction","target":["https:\/\/bergerlebnisse.com\/it\/estate\/settimane-di-arrampicata\/"]}]},{"@type":"ImageObject","inLanguage":"it-IT","@id":"https:\/\/bergerlebnisse.com\/it\/estate\/settimane-di-arrampicata\/#primaryimage","url":"http:\/\/bergerlebnisse.com\/wp-content\/uploads\/2020\/03\/Dolomiten-6.jpg","contentUrl":"http:\/\/bergerlebnisse.com\/wp-content\/uploads\/2020\/03\/Dolomiten-6.jpg"},{"@type":"BreadcrumbList","@id":"https:\/\/bergerlebnisse.com\/it\/estate\/settimane-di-arrampicata\/#breadcrumb","itemListElement":[{"@type":"ListItem","position":1,"name":"Startseite","item":"https:\/\/bergerlebnisse.com\/it\/"},{"@type":"ListItem","position":2,"name":"ESTATE","item":"https:\/\/bergerlebnisse.com\/it\/estate\/"},{"@type":"ListItem","position":3,"name":"SETTIMANE DI ARRAMPICATA"}]},{"@type":"WebSite","@id":"https:\/\/bergerlebnisse.com\/it\/#website","url":"https:\/\/bergerlebnisse.com\/it\/","name":"Skischule Trafoi","description":"Erlebe die S\u00fcdtiroler Berge mit einem Experten","publisher":{"@id":"https:\/\/bergerlebnisse.com\/it\/#organization"},"potentialAction":[{"@type":"SearchAction","target":{"@type":"EntryPoint","urlTemplate":"https:\/\/bergerlebnisse.com\/it\/?s={search_term_string}"},"query-input":{"@type":"PropertyValueSpecification","valueRequired":true,"valueName":"search_term_string"}}],"inLanguage":"it-IT"},{"@type":"Organization","@id":"https:\/\/bergerlebnisse.com\/it\/#organization","name":"Skischule Trafoi","url":"https:\/\/bergerlebnisse.com\/it\/","logo":{"@type":"ImageObject","inLanguage":"it-IT","@id":"https:\/\/bergerlebnisse.com\/it\/#\/schema\/logo\/image\/","url":"","contentUrl":"","caption":"Skischule Trafoi"},"image":{"@id":"https:\/\/bergerlebnisse.com\/it\/#\/schema\/logo\/image\/"},"sameAs":["https:\/\/www.facebook.com\/skischuletrafoi","https:\/\/www.instagram.com\/skischule_trafoi\/"]}]}},"_links":{"self":[{"href":"https:\/\/bergerlebnisse.com\/it\/wp-json\/wp\/v2\/pages\/2166","targetHints":{"allow":["GET"]}}],"collection":[{"href":"https:\/\/bergerlebnisse.com\/it\/wp-json\/wp\/v2\/pages"}],"about":[{"href":"https:\/\/bergerlebnisse.com\/it\/wp-json\/wp\/v2\/types\/page"}],"author":[{"embeddable":true,"href":"https:\/\/bergerlebnisse.com\/it\/wp-json\/wp\/v2\/users\/1"}],"replies":[{"embeddable":true,"href":"https:\/\/bergerlebnisse.com\/it\/wp-json\/wp\/v2\/comments?post=2166"}],"version-history":[{"count":10,"href":"https:\/\/bergerlebnisse.com\/it\/wp-json\/wp\/v2\/pages\/2166\/revisions"}],"predecessor-version":[{"id":7143,"href":"https:\/\/bergerlebnisse.com\/it\/wp-json\/wp\/v2\/pages\/2166\/revisions\/7143"}],"up":[{"embeddable":true,"href":"https:\/\/bergerlebnisse.com\/it\/wp-json\/wp\/v2\/pages\/2120"}],"wp:attachment":[{"href":"https:\/\/bergerlebnisse.com\/it\/wp-json\/wp\/v2\/media?parent=2166"}],"curies":[{"name":"wp","href":"https:\/\/api.w.org\/{rel}","templated":true}]}}