{"id":2160,"date":"2020-03-20T22:03:49","date_gmt":"2020-03-20T21:03:49","guid":{"rendered":"http:\/\/bergerlebnisse.com\/estate\/climbing-courses\/kk-05\/"},"modified":"2024-10-19T16:25:25","modified_gmt":"2024-10-19T14:25:25","slug":"kk-05","status":"publish","type":"page","link":"https:\/\/bergerlebnisse.com\/it\/estate\/climbing-courses\/kk-05\/","title":{"rendered":"kk-05"},"content":{"rendered":"\n<h1>\n\t\tSettimana dell&#8217;arrampicata Gruppo Sella (Dolomiti)\n\t<\/h1>\n\t<p><b>29.-02.08. \/ 03.-07.09.2025<\/b><\/p>\n<strong>Servizio<\/strong>: 4 x Visita guidata<br \/>\n<strong>Partecipanti:<\/strong> 2 persone<br \/>\n<strong>Prezzo:<\/strong> \u20ac 950 a persona (mezza pensione non incluso)\n\n<strong>Livello di difficolt\u00e0: <\/strong>3-5 gradi\n<p>1 Partecipante: \u20ac 1.700<\/p>\n<p><strong>Suggerimento:<\/strong> L&#8217;attrezzatura mancante viene fornita gratuitamente!<\/p>\n<p>&nbsp;<\/p>\n<b>Programma:<br \/>\n<\/b>Chi lo sa tra gli scalatori e non il passo Sella un punto di partenza ottimale con diverse belle aree di arrampicata. L&#8217;attenzione di questa settimana dovrebbe essere rivolta non solo alle escursioni di arrampicata, ma anche all&#8217;allenamento su richiesta e al perfezionamento della tua tecnica di arrampicata. Suggerimenti e consigli spesso possono essere molto utili. La scelta dei tour di arrampicata dipende dalle competenze e dall&#8217;esperienza dei partecipanti.\n<b>Opzioni di<br \/>\ntour:<\/b>Tours nei gruppi Sella, Sassolungo e gruppo Geisler\n\n\t\t\t\t\t<a href=\"#\" id=\"fl-accordion--label-0\" tabindex=\"0\" aria-controls=\"fl-accordion--panel-0\">Klettern Schwierigkeitsgrad UIAA Skala<\/a>\n\t\t\t\t\t\t\t\t\t\t\t<a href=\"#\" id=\"fl-accordion--icon-0\" tabindex=\"-1\"><i>Expand<\/i><\/a>\n\t\t\t\t\t<p><strong>1<\/strong>\u00a0&#8211; Geringe Schwierigkeiten, einfachste Form der Felskletterei (jedoch\u00a0kein\u00a0leichtes Gehgel\u00e4nde). Die H\u00e4nde sind zur Unterst\u00fctzung des Gleichgewichtes erforderlich. Anf\u00e4nger m\u00fcssen am Seil gesichert werden. Schwindelfreiheit ist bereits erforderlich.<\/p>\n<p><strong>2<\/strong> &#8211; M\u00e4\u00dfige Schwierigkeiten. Hier beginnt die Kletterei, welche die\u00a0Drei-Punkt-Haltung\u00a0erforderlich macht.<\/p>\n<p><strong>3<\/strong> &#8211; Mittlere Schwierigkeiten. Ge\u00fcbte und erfahrene Kletterer k\u00f6nnen Passagen dieser Schwierigkeit noch ohne Seilsicherung erklettern. Senkrechte Stellen verlangen bereits Kraftaufwand.<\/p>\n<p><strong>4<\/strong> -Gro\u00dfe Schwierigkeiten. Hier beginnt die Kletterei sch\u00e4rferer Richtung. Erhebliche Klettererfahrung notwendig. L\u00e4ngere Kletterstellen bed\u00fcrfen meist mehrerer Zwischensicherungen. Auch ge\u00fcbte und erfahrene Kletterer bew\u00e4ltigen Passagen dieser Schwierigkeit gew\u00f6hnlich nicht mehr ohne Seilsicherung.<\/p>\n<p><strong>5<\/strong> &#8211; Sehr gro\u00dfe Schwierigkeiten. Zunehmende Anzahl an Zwischensicherungen ist die Regel. Erh\u00f6hte Anforderungen an k\u00f6rperliche Voraussetzungen, Klettertechnik und Erfahrung. Lange hochalpine Routen im Schwierigkeitsgrad V z\u00e4hlen bereits zu den ganz gro\u00dfen Unternehmungen in den Alpen und au\u00dferalpinen Regionen.<\/p>\n<p><strong>6<\/strong> &#8211; \u00dcberaus gro\u00dfe Schwierigkeiten. Die Kletterei erfordert weit \u00fcberdurchschnittliches K\u00f6nnen und hervorragenden Trainingsstand. Gro\u00dfe Ausgesetztheit, oft verbunden mit kleinen Standpl\u00e4tzen. Passagen dieser Schwierigkeit k\u00f6nnen in der Regel nur bei guten Bedingungen bezwungen werden.<\/p>\n<p><strong>7<\/strong> &#8211; Au\u00dfergew\u00f6hnliche Schwierigkeiten. Ein durch gesteigertes Training und verbesserte Ausr\u00fcstung erreichter Schwierigkeitsgrad. Auch die besten Kletterer ben\u00f6tigen ein an die Gesteinsart angepasstes Training, um Passagen dieser Schwierigkeit nahe der Sturzgrenze zu meistern. Neben akrobatischem Kletterverm\u00f6gen ist das Beherrschen ausgefeilter Sicherungstechnik unerl\u00e4sslich.<\/p>\n<p><strong>8 und \u00a0mehr<\/strong> &#8211; Eine verbale Definition ist hier nicht m\u00f6glich. Es handelt sich um eine weitere Steigerung der zu bew\u00e4ltigenden Schwierigkeiten, die an das Kletterk\u00f6nnen und die physische wie auch psychische Leistungsf\u00e4higkeit immer h\u00f6here Anforderungen stellen.<\/p>\n\t\t\t<a href=\"http:\/\/bergerlebnisse.com\/kontakt\/\" target=\"_self\" rel=\"noopener\">\n\t\t\t\t\t\tverbindlich Buchen\n\t\t\t\t\t<\/a>\n\t\t\t<a href=\"http:\/\/bergerlebnisse.com\/sommer\/\" target=\"_self\" rel=\"noopener\">\n\t\t\t\t\t\tZur\u00fcck zur \u00dcbersicht\n\t\t\t\t\t<\/a>\n<h2>\n\t\tSUGGERIMENTO: Buoni regalo\n\t<\/h2>\n\t<h4>Regalare un&#8217;esperienza indimenticabile<\/h4>\nTutti i tour offerti possono anche essere forniti come voucher di avventura.<br \/>\nBasta selezionare il tour e la data desiderati e ti invieremo il tuo voucher regalo personale in PDF, che puoi semplicemente stampare da solo!\n\t\t\t<a href=\"http:\/\/bergerlebnisse.com\/it\/buono-regalo\/\" target=\"_self\" rel=\"noopener\">\n\t\t\t\t\t\tOrdinare un voucher\n\t\t\t\t\t<\/a>\n\t<h2>\n\t\t\t\tI NOSTRI PARTNER\n\t\t\t<\/h2>\n\t\t\t\t<a href=\"http:\/\/www.gasthaus-sonneck.it\/\" target=\"_blank\" rel=\"noopener\" itemprop=\"url\">\n\t\t\t\t<img decoding=\"async\" src=\"http:\/\/bergerlebnisse.com\/wp-content\/uploads\/2020\/02\/Logo-Sonneck.jpg\" alt=\"Logo Sonneck\" itemprop=\"image\" title=\"Logo Sonneck\" onerror=\"this.style.display='none'\"  \/>\n\t\t\t\t<\/a>\n\t\t\t\t<a href=\"http:\/\/hochseilgarten-laas.it\" target=\"_blank\" rel=\"noopener\" itemprop=\"url\">\n\t\t\t\t<img decoding=\"async\" src=\"http:\/\/bergerlebnisse.com\/wp-content\/uploads\/2020\/02\/Logo-Hochseilgarten.jpg\" alt=\"Logo corde alte corso\" itemprop=\"image\" title=\"Logo corde alte corso\" onerror=\"this.style.display='none'\"  \/>\n\t\t\t\t<\/a>\n\t\t\t\t<a href=\"https:\/\/www.schweitzer-getraenke.it\/\" target=\"_blank\" rel=\"noopener\" itemprop=\"url\">\n\t\t\t\t<img decoding=\"async\" src=\"http:\/\/bergerlebnisse.com\/wp-content\/uploads\/2020\/02\/Logo-Schweizer.jpg\" alt=\"Logo-Svizzero\" itemprop=\"image\" title=\"Logo-Svizzero\" onerror=\"this.style.display='none'\"  \/>\n\t\t\t\t<\/a>\n\t\t\t\t<a href=\"https:\/\/www.saegemuehle.it\/de\/\" target=\"_blank\" rel=\"noopener\" itemprop=\"url\">\n\t\t\t\t<img decoding=\"async\" src=\"http:\/\/bergerlebnisse.com\/wp-content\/uploads\/2020\/02\/Logo-S\u00e4gem\u00fchle.jpg\" alt=\"Segheria logo\" itemprop=\"image\" title=\"Segheria logo\" onerror=\"this.style.display='none'\"  \/>\n\t\t\t\t<\/a>\n\t\t\t\t<a href=\"https:\/\/www.bergfrieden.com\" target=\"_blank\" rel=\"noopener\" itemprop=\"url\">\n\t\t\t\t<img decoding=\"async\" src=\"http:\/\/bergerlebnisse.com\/wp-content\/uploads\/2020\/02\/Bergfrieden-Logo.jpg\" alt=\"Bergfrieden-Logo\" itemprop=\"image\" title=\"Bergfrieden-Logo\" onerror=\"this.style.display='none'\"  \/>\n\t\t\t\t<\/a>\n\t\t\t\t<a href=\"https:\/\/www.odler.it\/pizzeria-odler-laas\/\" target=\"_blank\" rel=\"noopener\" itemprop=\"url\">\n\t\t\t\t<img decoding=\"async\" src=\"http:\/\/bergerlebnisse.com\/wp-content\/uploads\/2020\/02\/logo_kl.jpg\" alt=\"logo_kl\" itemprop=\"image\" title=\"logo_kl\" onerror=\"this.style.display='none'\"  \/>\n\t\t\t\t<\/a>\n\n","protected":false},"excerpt":{"rendered":"<p>Settimana dell&#8217;arrampicata Gruppo Sella (Dolomiti) 29.-02.08. \/ 03.-07.09.2025 Servizio: 4 x Visita guidata Partecipanti: 2 persone Prezzo: \u20ac 950 a persona (mezza pensione non incluso) Livello di difficolt\u00e0: 3-5 gradi 1 Partecipante: \u20ac 1.700 Suggerimento: L&#8217;attrezzatura mancante viene fornita gratuitamente! &nbsp; Programma: Chi lo sa tra gli scalatori e non il passo Sella un punto&hellip;<\/p>\n","protected":false},"author":1,"featured_media":0,"parent":2150,"menu_order":0,"comment_status":"closed","ping_status":"closed","template":"","meta":{"inline_featured_image":false,"footnotes":""},"class_list":["post-2160","page","type-page","status-publish","hentry"],"yoast_head":"<!-- This site is optimized with the Yoast SEO plugin v26.8 - https:\/\/yoast.com\/product\/yoast-seo-wordpress\/ -->\n<title>Settimana dell&#039;arrampicata nel Gruppo Sella (Dolomiti)<\/title>\n<meta name=\"description\" content=\"Chi non lo conosce tra gli scalatori, il Sellajoch un punto di partenza ottimale con varie belle aree di arrampicata.\" \/>\n<meta name=\"robots\" content=\"index, follow, max-snippet:-1, max-image-preview:large, max-video-preview:-1\" \/>\n<link rel=\"canonical\" href=\"https:\/\/bergerlebnisse.com\/it\/estate\/climbing-courses\/kk-05\/\" \/>\n<meta property=\"og:locale\" content=\"it_IT\" \/>\n<meta property=\"og:type\" content=\"article\" \/>\n<meta property=\"og:title\" content=\"Settimana dell&#039;arrampicata nel Gruppo Sella (Dolomiti)\" \/>\n<meta property=\"og:description\" content=\"Chi non lo conosce tra gli scalatori, il Sellajoch un punto di partenza ottimale con varie belle aree di arrampicata.\" \/>\n<meta property=\"og:url\" content=\"https:\/\/bergerlebnisse.com\/it\/estate\/climbing-courses\/kk-05\/\" \/>\n<meta property=\"og:site_name\" content=\"Bergerlebnisse\" \/>\n<meta property=\"article:publisher\" content=\"https:\/\/www.facebook.com\/skischuletrafoi\" \/>\n<meta property=\"article:modified_time\" content=\"2024-10-19T14:25:25+00:00\" \/>\n<meta property=\"og:image\" content=\"http:\/\/bergerlebnisse.com\/wp-content\/uploads\/2020\/02\/Logo-Sonneck.jpg\" \/>\n<meta name=\"twitter:card\" content=\"summary_large_image\" \/>\n<meta name=\"twitter:label1\" content=\"Tempo di lettura stimato\" \/>\n\t<meta name=\"twitter:data1\" content=\"5 minuti\" \/>\n<script type=\"application\/ld+json\" class=\"yoast-schema-graph\">{\"@context\":\"https:\/\/schema.org\",\"@graph\":[{\"@type\":\"WebPage\",\"@id\":\"https:\/\/bergerlebnisse.com\/it\/estate\/climbing-courses\/kk-05\/\",\"url\":\"https:\/\/bergerlebnisse.com\/it\/estate\/climbing-courses\/kk-05\/\",\"name\":\"Settimana dell'arrampicata nel Gruppo Sella (Dolomiti)\",\"isPartOf\":{\"@id\":\"https:\/\/bergerlebnisse.com\/it\/#website\"},\"primaryImageOfPage\":{\"@id\":\"https:\/\/bergerlebnisse.com\/it\/estate\/climbing-courses\/kk-05\/#primaryimage\"},\"image\":{\"@id\":\"https:\/\/bergerlebnisse.com\/it\/estate\/climbing-courses\/kk-05\/#primaryimage\"},\"thumbnailUrl\":\"http:\/\/bergerlebnisse.com\/wp-content\/uploads\/2020\/02\/Logo-Sonneck.jpg\",\"datePublished\":\"2020-03-20T21:03:49+00:00\",\"dateModified\":\"2024-10-19T14:25:25+00:00\",\"description\":\"Chi non lo conosce tra gli scalatori, il Sellajoch un punto di partenza ottimale con varie belle aree di arrampicata.\",\"breadcrumb\":{\"@id\":\"https:\/\/bergerlebnisse.com\/it\/estate\/climbing-courses\/kk-05\/#breadcrumb\"},\"inLanguage\":\"it-IT\",\"potentialAction\":[{\"@type\":\"ReadAction\",\"target\":[\"https:\/\/bergerlebnisse.com\/it\/estate\/climbing-courses\/kk-05\/\"]}]},{\"@type\":\"ImageObject\",\"inLanguage\":\"it-IT\",\"@id\":\"https:\/\/bergerlebnisse.com\/it\/estate\/climbing-courses\/kk-05\/#primaryimage\",\"url\":\"http:\/\/bergerlebnisse.com\/wp-content\/uploads\/2020\/02\/Logo-Sonneck.jpg\",\"contentUrl\":\"http:\/\/bergerlebnisse.com\/wp-content\/uploads\/2020\/02\/Logo-Sonneck.jpg\"},{\"@type\":\"BreadcrumbList\",\"@id\":\"https:\/\/bergerlebnisse.com\/it\/estate\/climbing-courses\/kk-05\/#breadcrumb\",\"itemListElement\":[{\"@type\":\"ListItem\",\"position\":1,\"name\":\"Startseite\",\"item\":\"https:\/\/bergerlebnisse.com\/it\/\"},{\"@type\":\"ListItem\",\"position\":2,\"name\":\"ESTATE\",\"item\":\"https:\/\/bergerlebnisse.com\/it\/estate\/\"},{\"@type\":\"ListItem\",\"position\":3,\"name\":\"CLIMBING &amp; COURSES\",\"item\":\"https:\/\/bergerlebnisse.com\/it\/estate\/climbing-courses\/\"},{\"@type\":\"ListItem\",\"position\":4,\"name\":\"kk-05\"}]},{\"@type\":\"WebSite\",\"@id\":\"https:\/\/bergerlebnisse.com\/it\/#website\",\"url\":\"https:\/\/bergerlebnisse.com\/it\/\",\"name\":\"Skischule Trafoi\",\"description\":\"Erlebe die S\u00fcdtiroler Berge mit einem Experten\",\"publisher\":{\"@id\":\"https:\/\/bergerlebnisse.com\/it\/#organization\"},\"potentialAction\":[{\"@type\":\"SearchAction\",\"target\":{\"@type\":\"EntryPoint\",\"urlTemplate\":\"https:\/\/bergerlebnisse.com\/it\/?s={search_term_string}\"},\"query-input\":{\"@type\":\"PropertyValueSpecification\",\"valueRequired\":true,\"valueName\":\"search_term_string\"}}],\"inLanguage\":\"it-IT\"},{\"@type\":\"Organization\",\"@id\":\"https:\/\/bergerlebnisse.com\/it\/#organization\",\"name\":\"Skischule Trafoi\",\"url\":\"https:\/\/bergerlebnisse.com\/it\/\",\"logo\":{\"@type\":\"ImageObject\",\"inLanguage\":\"it-IT\",\"@id\":\"https:\/\/bergerlebnisse.com\/it\/#\/schema\/logo\/image\/\",\"url\":\"\",\"contentUrl\":\"\",\"caption\":\"Skischule Trafoi\"},\"image\":{\"@id\":\"https:\/\/bergerlebnisse.com\/it\/#\/schema\/logo\/image\/\"},\"sameAs\":[\"https:\/\/www.facebook.com\/skischuletrafoi\",\"https:\/\/www.instagram.com\/skischule_trafoi\/\"]}]}<\/script>\n<!-- \/ Yoast SEO plugin. -->","yoast_head_json":{"title":"Settimana dell'arrampicata nel Gruppo Sella (Dolomiti)","description":"Chi non lo conosce tra gli scalatori, il Sellajoch un punto di partenza ottimale con varie belle aree di arrampicata.","robots":{"index":"index","follow":"follow","max-snippet":"max-snippet:-1","max-image-preview":"max-image-preview:large","max-video-preview":"max-video-preview:-1"},"canonical":"https:\/\/bergerlebnisse.com\/it\/estate\/climbing-courses\/kk-05\/","og_locale":"it_IT","og_type":"article","og_title":"Settimana dell'arrampicata nel Gruppo Sella (Dolomiti)","og_description":"Chi non lo conosce tra gli scalatori, il Sellajoch un punto di partenza ottimale con varie belle aree di arrampicata.","og_url":"https:\/\/bergerlebnisse.com\/it\/estate\/climbing-courses\/kk-05\/","og_site_name":"Bergerlebnisse","article_publisher":"https:\/\/www.facebook.com\/skischuletrafoi","article_modified_time":"2024-10-19T14:25:25+00:00","og_image":[{"url":"http:\/\/bergerlebnisse.com\/wp-content\/uploads\/2020\/02\/Logo-Sonneck.jpg","type":"","width":"","height":""}],"twitter_card":"summary_large_image","twitter_misc":{"Tempo di lettura stimato":"5 minuti"},"schema":{"@context":"https:\/\/schema.org","@graph":[{"@type":"WebPage","@id":"https:\/\/bergerlebnisse.com\/it\/estate\/climbing-courses\/kk-05\/","url":"https:\/\/bergerlebnisse.com\/it\/estate\/climbing-courses\/kk-05\/","name":"Settimana dell'arrampicata nel Gruppo Sella (Dolomiti)","isPartOf":{"@id":"https:\/\/bergerlebnisse.com\/it\/#website"},"primaryImageOfPage":{"@id":"https:\/\/bergerlebnisse.com\/it\/estate\/climbing-courses\/kk-05\/#primaryimage"},"image":{"@id":"https:\/\/bergerlebnisse.com\/it\/estate\/climbing-courses\/kk-05\/#primaryimage"},"thumbnailUrl":"http:\/\/bergerlebnisse.com\/wp-content\/uploads\/2020\/02\/Logo-Sonneck.jpg","datePublished":"2020-03-20T21:03:49+00:00","dateModified":"2024-10-19T14:25:25+00:00","description":"Chi non lo conosce tra gli scalatori, il Sellajoch un punto di partenza ottimale con varie belle aree di arrampicata.","breadcrumb":{"@id":"https:\/\/bergerlebnisse.com\/it\/estate\/climbing-courses\/kk-05\/#breadcrumb"},"inLanguage":"it-IT","potentialAction":[{"@type":"ReadAction","target":["https:\/\/bergerlebnisse.com\/it\/estate\/climbing-courses\/kk-05\/"]}]},{"@type":"ImageObject","inLanguage":"it-IT","@id":"https:\/\/bergerlebnisse.com\/it\/estate\/climbing-courses\/kk-05\/#primaryimage","url":"http:\/\/bergerlebnisse.com\/wp-content\/uploads\/2020\/02\/Logo-Sonneck.jpg","contentUrl":"http:\/\/bergerlebnisse.com\/wp-content\/uploads\/2020\/02\/Logo-Sonneck.jpg"},{"@type":"BreadcrumbList","@id":"https:\/\/bergerlebnisse.com\/it\/estate\/climbing-courses\/kk-05\/#breadcrumb","itemListElement":[{"@type":"ListItem","position":1,"name":"Startseite","item":"https:\/\/bergerlebnisse.com\/it\/"},{"@type":"ListItem","position":2,"name":"ESTATE","item":"https:\/\/bergerlebnisse.com\/it\/estate\/"},{"@type":"ListItem","position":3,"name":"CLIMBING &amp; COURSES","item":"https:\/\/bergerlebnisse.com\/it\/estate\/climbing-courses\/"},{"@type":"ListItem","position":4,"name":"kk-05"}]},{"@type":"WebSite","@id":"https:\/\/bergerlebnisse.com\/it\/#website","url":"https:\/\/bergerlebnisse.com\/it\/","name":"Skischule Trafoi","description":"Erlebe die S\u00fcdtiroler Berge mit einem Experten","publisher":{"@id":"https:\/\/bergerlebnisse.com\/it\/#organization"},"potentialAction":[{"@type":"SearchAction","target":{"@type":"EntryPoint","urlTemplate":"https:\/\/bergerlebnisse.com\/it\/?s={search_term_string}"},"query-input":{"@type":"PropertyValueSpecification","valueRequired":true,"valueName":"search_term_string"}}],"inLanguage":"it-IT"},{"@type":"Organization","@id":"https:\/\/bergerlebnisse.com\/it\/#organization","name":"Skischule Trafoi","url":"https:\/\/bergerlebnisse.com\/it\/","logo":{"@type":"ImageObject","inLanguage":"it-IT","@id":"https:\/\/bergerlebnisse.com\/it\/#\/schema\/logo\/image\/","url":"","contentUrl":"","caption":"Skischule Trafoi"},"image":{"@id":"https:\/\/bergerlebnisse.com\/it\/#\/schema\/logo\/image\/"},"sameAs":["https:\/\/www.facebook.com\/skischuletrafoi","https:\/\/www.instagram.com\/skischule_trafoi\/"]}]}},"_links":{"self":[{"href":"https:\/\/bergerlebnisse.com\/it\/wp-json\/wp\/v2\/pages\/2160","targetHints":{"allow":["GET"]}}],"collection":[{"href":"https:\/\/bergerlebnisse.com\/it\/wp-json\/wp\/v2\/pages"}],"about":[{"href":"https:\/\/bergerlebnisse.com\/it\/wp-json\/wp\/v2\/types\/page"}],"author":[{"embeddable":true,"href":"https:\/\/bergerlebnisse.com\/it\/wp-json\/wp\/v2\/users\/1"}],"replies":[{"embeddable":true,"href":"https:\/\/bergerlebnisse.com\/it\/wp-json\/wp\/v2\/comments?post=2160"}],"version-history":[{"count":6,"href":"https:\/\/bergerlebnisse.com\/it\/wp-json\/wp\/v2\/pages\/2160\/revisions"}],"predecessor-version":[{"id":6199,"href":"https:\/\/bergerlebnisse.com\/it\/wp-json\/wp\/v2\/pages\/2160\/revisions\/6199"}],"up":[{"embeddable":true,"href":"https:\/\/bergerlebnisse.com\/it\/wp-json\/wp\/v2\/pages\/2150"}],"wp:attachment":[{"href":"https:\/\/bergerlebnisse.com\/it\/wp-json\/wp\/v2\/media?parent=2160"}],"curies":[{"name":"wp","href":"https:\/\/api.w.org\/{rel}","templated":true}]}}