{"id":2143,"date":"2020-03-20T21:50:17","date_gmt":"2020-03-20T20:50:17","guid":{"rendered":"http:\/\/bergerlebnisse.com\/estate\/settimane-di-escursioni-alta-quota\/"},"modified":"2025-09-07T10:01:41","modified_gmt":"2025-09-07T08:01:41","slug":"settimane-di-escursioni-alta-quota","status":"publish","type":"page","link":"https:\/\/bergerlebnisse.com\/it\/estate\/settimane-di-escursioni-alta-quota\/","title":{"rendered":"SETTIMANE DI ESCURSIONI ALTA QUOTA"},"content":{"rendered":"\n<h1>\n\t\t\tEscursioni ad alta quota\t<\/h1>\n\t\t\t\t<img decoding=\"async\" src=\"http:\/\/bergerlebnisse.com\/wp-content\/uploads\/2020\/03\/zweitagestour-Ortler.jpg\" alt=\"due giorni tour Ortles\" itemprop=\"image\" title=\"due giorni tour Ortles\" onerror=\"this.style.display='none'\" loading=\"lazy\" \/>\n<h3>\n\t\t\tSettimana in montagna del gruppo dell&#8217;Ortles  28.06.-03.07. \/ 06.-11.09.2026\t<\/h3>\n\t\t\t<a href=\"http:\/\/bergerlebnisse.com\/it\/estate\/settimane-di-escursioni-alta-quota\/htw-01\/\" target=\"_self\">\n\t\t\t\t\t\t\tPer saperne di pi\u00f9\n\t\t\t\t\t<\/a>\n\t\t\t\t<img decoding=\"async\" src=\"http:\/\/bergerlebnisse.com\/wp-content\/uploads\/2020\/03\/Bernina-10.jpg\" alt=\"Bernina-10\" itemprop=\"image\" title=\"Bernina-10\" onerror=\"this.style.display='none'\" loading=\"lazy\" \/>\n<h3>\n\t\t\tPiz Pal\u00fc e Piz Bernina 4.048 m\t<\/h3>\n\t<p><strong>Data desiderata da luglio 2023<\/strong><\/p>\n\t\t\t<a href=\"http:\/\/bergerlebnisse.com\/it\/estate\/settimane-di-escursioni-alta-quota\/htw-03\/\" target=\"_self\">\n\t\t\t\t\t\t\tPer saperne di pi\u00f9\n\t\t\t\t\t<\/a>\n\t\t\t\t<img decoding=\"async\" src=\"http:\/\/bergerlebnisse.com\/wp-content\/uploads\/2020\/04\/Wallis-1.jpg\" alt=\"Wallis-(1)\" itemprop=\"image\" title=\"Wallis-(1)\" onerror=\"this.style.display='none'\" loading=\"lazy\" \/>\n<h3>\n\t\t\tEscursioni alpine dal Wallis e facile\t<\/h3>\n\t<p><strong>04.-10.07.2026<\/strong><\/p>\n\t\t\t<a href=\"http:\/\/bergerlebnisse.com\/it\/estate\/settimane-di-escursioni-alta-quota\/htw-04\/\" target=\"_self\">\n\t\t\t\t\t\t\tPer saperne di pi\u00f9\n\t\t\t\t\t<\/a>\n<h3>\n\t\t\tIl tuo tour dei desideri non \u00e8 incluso?\t<\/h3>\n\t<p><b>Se chiedi in anticipo, i tour individuali sono possibili in qualsiasi momento, pianifico il tour dei tuoi sogni insieme a te!<\/b><\/p>\n\t\t\t<a href=\"https:\/\/bergerlebnisse.com\/it\/pianificazione-dei-singoli-percorsi\/\" target=\"_self\">\n\t\t\t\t\t\t\tPer saperne di pi\u00f9\n\t\t\t\t\t<\/a>\n<h2>\n\t\t\tSUGGERIMENTO: Buoni regalo\t<\/h2>\n\t<h4>Regalare un&#8217;esperienza indimenticabile<\/h4>\nTutti i tour offerti possono anche essere forniti come voucher di avventura.<br \/>\nBasta selezionare il tour e la data desiderati e ti invieremo il tuo voucher regalo personale in PDF, che puoi semplicemente stampare da solo!\n\t\t\t<a href=\"http:\/\/bergerlebnisse.com\/it\/buono-regalo\/\" target=\"_self\">\n\t\t\t\t\t\tOrdinare un voucher\n\t\t\t\t\t<\/a>\n\t<h2>\n\t\t\t\tI NOSTRI PARTNER\n\t\t\t<\/h2>\n\t\t\t\t<a href=\"http:\/\/www.gasthaus-sonneck.it\/\"  target=\"_blank\" rel=\"noopener\"  itemprop=\"url\">\n\t\t\t\t<img decoding=\"async\" src=\"http:\/\/bergerlebnisse.com\/wp-content\/uploads\/2020\/02\/Logo-Sonneck.jpg\" alt=\"Logo Sonneck\" itemprop=\"image\" title=\"Logo Sonneck\" onerror=\"this.style.display='none'\" loading=\"lazy\" \/>\n\t\t\t\t<\/a>\n\t\t\t\t<a href=\"http:\/\/hochseilgarten-laas.it\"  target=\"_blank\" rel=\"noopener\"  itemprop=\"url\">\n\t\t\t\t<img decoding=\"async\" src=\"http:\/\/bergerlebnisse.com\/wp-content\/uploads\/2020\/02\/Logo-Hochseilgarten.jpg\" alt=\"Logo corde alte corso\" itemprop=\"image\" title=\"Logo corde alte corso\" onerror=\"this.style.display='none'\" loading=\"lazy\" \/>\n\t\t\t\t<\/a>\n\t\t\t\t<a href=\"https:\/\/www.schweitzer-getraenke.it\/\"  target=\"_blank\" rel=\"noopener\"  itemprop=\"url\">\n\t\t\t\t<img decoding=\"async\" src=\"http:\/\/bergerlebnisse.com\/wp-content\/uploads\/2020\/02\/Logo-Schweizer.jpg\" alt=\"Logo-Svizzero\" itemprop=\"image\" title=\"Logo-Svizzero\" onerror=\"this.style.display='none'\" loading=\"lazy\" \/>\n\t\t\t\t<\/a>\n\t\t\t\t<a href=\"https:\/\/www.saegemuehle.it\/de\/\"  target=\"_blank\" rel=\"noopener\"  itemprop=\"url\">\n\t\t\t\t<img decoding=\"async\" src=\"http:\/\/bergerlebnisse.com\/wp-content\/uploads\/2020\/02\/Logo-S\u00e4gem\u00fchle.jpg\" alt=\"Segheria logo\" itemprop=\"image\" title=\"Segheria logo\" onerror=\"this.style.display='none'\" loading=\"lazy\" \/>\n\t\t\t\t<\/a>\n\t\t\t\t<a href=\"https:\/\/www.bergfrieden.com\"  target=\"_blank\" rel=\"noopener\"  itemprop=\"url\">\n\t\t\t\t<img decoding=\"async\" src=\"http:\/\/bergerlebnisse.com\/wp-content\/uploads\/2020\/02\/Bergfrieden-Logo.jpg\" alt=\"Bergfrieden-Logo\" itemprop=\"image\" title=\"Bergfrieden-Logo\" onerror=\"this.style.display='none'\" loading=\"lazy\" \/>\n\t\t\t\t<\/a>\n\t\t\t\t<a href=\"https:\/\/www.odler.it\/pizzeria-odler-laas\/\"  target=\"_blank\" rel=\"noopener\"  itemprop=\"url\">\n\t\t\t\t<img decoding=\"async\" src=\"http:\/\/bergerlebnisse.com\/wp-content\/uploads\/2020\/02\/logo_kl.jpg\" alt=\"logo_kl\" itemprop=\"image\" title=\"logo_kl\" onerror=\"this.style.display='none'\" loading=\"lazy\" \/>\n\t\t\t\t<\/a>\n\n","protected":false},"excerpt":{"rendered":"<p>Escursioni ad alta quota Settimana in montagna del gruppo dell&#8217;Ortles 28.06.-03.07. \/ 06.-11.09.2026 Per saperne di pi\u00f9 Piz Pal\u00fc e Piz Bernina 4.048 m Data desiderata da luglio 2023 Per saperne di pi\u00f9 Escursioni alpine dal Wallis e facile 04.-10.07.2026 Per saperne di pi\u00f9 Il tuo tour dei desideri non \u00e8 incluso? Se chiedi in&hellip;<\/p>\n","protected":false},"author":1,"featured_media":0,"parent":2120,"menu_order":3,"comment_status":"closed","ping_status":"closed","template":"","meta":{"inline_featured_image":false,"footnotes":""},"class_list":["post-2143","page","type-page","status-publish","hentry"],"yoast_head":"<!-- This site is optimized with the Yoast SEO plugin v26.8 - https:\/\/yoast.com\/product\/yoast-seo-wordpress\/ -->\n<title>Vivi le vette pi\u00f9 belle dell&#039;Alto Adige con l&#039;esperienza in montagna di South Triol<\/title>\n<meta name=\"description\" content=\"Per una settimana salite sulle vette pi\u00f9 belle e potenti dell&#039;Alto Adige con la guida alpina Georg Maschler, un&#039;esperienza unica\" \/>\n<meta name=\"robots\" content=\"index, follow, max-snippet:-1, max-image-preview:large, max-video-preview:-1\" \/>\n<link rel=\"canonical\" href=\"https:\/\/bergerlebnisse.com\/it\/estate\/settimane-di-escursioni-alta-quota\/\" \/>\n<meta property=\"og:locale\" content=\"it_IT\" \/>\n<meta property=\"og:type\" content=\"article\" \/>\n<meta property=\"og:title\" content=\"Vivi le vette pi\u00f9 belle dell&#039;Alto Adige con l&#039;esperienza in montagna di South Triol\" \/>\n<meta property=\"og:description\" content=\"Per una settimana salite sulle vette pi\u00f9 belle e potenti dell&#039;Alto Adige con la guida alpina Georg Maschler, un&#039;esperienza unica\" \/>\n<meta property=\"og:url\" content=\"https:\/\/bergerlebnisse.com\/it\/estate\/settimane-di-escursioni-alta-quota\/\" \/>\n<meta property=\"og:site_name\" content=\"Bergerlebnisse\" \/>\n<meta property=\"article:publisher\" content=\"https:\/\/www.facebook.com\/skischuletrafoi\" \/>\n<meta property=\"article:modified_time\" content=\"2025-09-07T08:01:41+00:00\" \/>\n<meta property=\"og:image\" content=\"http:\/\/bergerlebnisse.com\/wp-content\/uploads\/2020\/03\/zweitagestour-Ortler.jpg\" \/>\n<meta name=\"twitter:card\" content=\"summary_large_image\" \/>\n<meta name=\"twitter:label1\" content=\"Tempo di lettura stimato\" \/>\n\t<meta name=\"twitter:data1\" content=\"3 minuti\" \/>\n<script type=\"application\/ld+json\" class=\"yoast-schema-graph\">{\"@context\":\"https:\/\/schema.org\",\"@graph\":[{\"@type\":\"WebPage\",\"@id\":\"https:\/\/bergerlebnisse.com\/it\/estate\/settimane-di-escursioni-alta-quota\/\",\"url\":\"https:\/\/bergerlebnisse.com\/it\/estate\/settimane-di-escursioni-alta-quota\/\",\"name\":\"Vivi le vette pi\u00f9 belle dell'Alto Adige con l'esperienza in montagna di South Triol\",\"isPartOf\":{\"@id\":\"https:\/\/bergerlebnisse.com\/it\/#website\"},\"primaryImageOfPage\":{\"@id\":\"https:\/\/bergerlebnisse.com\/it\/estate\/settimane-di-escursioni-alta-quota\/#primaryimage\"},\"image\":{\"@id\":\"https:\/\/bergerlebnisse.com\/it\/estate\/settimane-di-escursioni-alta-quota\/#primaryimage\"},\"thumbnailUrl\":\"http:\/\/bergerlebnisse.com\/wp-content\/uploads\/2020\/03\/zweitagestour-Ortler.jpg\",\"datePublished\":\"2020-03-20T20:50:17+00:00\",\"dateModified\":\"2025-09-07T08:01:41+00:00\",\"description\":\"Per una settimana salite sulle vette pi\u00f9 belle e potenti dell'Alto Adige con la guida alpina Georg Maschler, un'esperienza unica\",\"breadcrumb\":{\"@id\":\"https:\/\/bergerlebnisse.com\/it\/estate\/settimane-di-escursioni-alta-quota\/#breadcrumb\"},\"inLanguage\":\"it-IT\",\"potentialAction\":[{\"@type\":\"ReadAction\",\"target\":[\"https:\/\/bergerlebnisse.com\/it\/estate\/settimane-di-escursioni-alta-quota\/\"]}]},{\"@type\":\"ImageObject\",\"inLanguage\":\"it-IT\",\"@id\":\"https:\/\/bergerlebnisse.com\/it\/estate\/settimane-di-escursioni-alta-quota\/#primaryimage\",\"url\":\"http:\/\/bergerlebnisse.com\/wp-content\/uploads\/2020\/03\/zweitagestour-Ortler.jpg\",\"contentUrl\":\"http:\/\/bergerlebnisse.com\/wp-content\/uploads\/2020\/03\/zweitagestour-Ortler.jpg\"},{\"@type\":\"BreadcrumbList\",\"@id\":\"https:\/\/bergerlebnisse.com\/it\/estate\/settimane-di-escursioni-alta-quota\/#breadcrumb\",\"itemListElement\":[{\"@type\":\"ListItem\",\"position\":1,\"name\":\"Startseite\",\"item\":\"https:\/\/bergerlebnisse.com\/it\/\"},{\"@type\":\"ListItem\",\"position\":2,\"name\":\"ESTATE\",\"item\":\"https:\/\/bergerlebnisse.com\/it\/estate\/\"},{\"@type\":\"ListItem\",\"position\":3,\"name\":\"SETTIMANE DI ESCURSIONI ALTA QUOTA\"}]},{\"@type\":\"WebSite\",\"@id\":\"https:\/\/bergerlebnisse.com\/it\/#website\",\"url\":\"https:\/\/bergerlebnisse.com\/it\/\",\"name\":\"Skischule Trafoi\",\"description\":\"Erlebe die S\u00fcdtiroler Berge mit einem Experten\",\"publisher\":{\"@id\":\"https:\/\/bergerlebnisse.com\/it\/#organization\"},\"potentialAction\":[{\"@type\":\"SearchAction\",\"target\":{\"@type\":\"EntryPoint\",\"urlTemplate\":\"https:\/\/bergerlebnisse.com\/it\/?s={search_term_string}\"},\"query-input\":{\"@type\":\"PropertyValueSpecification\",\"valueRequired\":true,\"valueName\":\"search_term_string\"}}],\"inLanguage\":\"it-IT\"},{\"@type\":\"Organization\",\"@id\":\"https:\/\/bergerlebnisse.com\/it\/#organization\",\"name\":\"Skischule Trafoi\",\"url\":\"https:\/\/bergerlebnisse.com\/it\/\",\"logo\":{\"@type\":\"ImageObject\",\"inLanguage\":\"it-IT\",\"@id\":\"https:\/\/bergerlebnisse.com\/it\/#\/schema\/logo\/image\/\",\"url\":\"\",\"contentUrl\":\"\",\"caption\":\"Skischule Trafoi\"},\"image\":{\"@id\":\"https:\/\/bergerlebnisse.com\/it\/#\/schema\/logo\/image\/\"},\"sameAs\":[\"https:\/\/www.facebook.com\/skischuletrafoi\",\"https:\/\/www.instagram.com\/skischule_trafoi\/\"]}]}<\/script>\n<!-- \/ Yoast SEO plugin. -->","yoast_head_json":{"title":"Vivi le vette pi\u00f9 belle dell'Alto Adige con l'esperienza in montagna di South Triol","description":"Per una settimana salite sulle vette pi\u00f9 belle e potenti dell'Alto Adige con la guida alpina Georg Maschler, un'esperienza unica","robots":{"index":"index","follow":"follow","max-snippet":"max-snippet:-1","max-image-preview":"max-image-preview:large","max-video-preview":"max-video-preview:-1"},"canonical":"https:\/\/bergerlebnisse.com\/it\/estate\/settimane-di-escursioni-alta-quota\/","og_locale":"it_IT","og_type":"article","og_title":"Vivi le vette pi\u00f9 belle dell'Alto Adige con l'esperienza in montagna di South Triol","og_description":"Per una settimana salite sulle vette pi\u00f9 belle e potenti dell'Alto Adige con la guida alpina Georg Maschler, un'esperienza unica","og_url":"https:\/\/bergerlebnisse.com\/it\/estate\/settimane-di-escursioni-alta-quota\/","og_site_name":"Bergerlebnisse","article_publisher":"https:\/\/www.facebook.com\/skischuletrafoi","article_modified_time":"2025-09-07T08:01:41+00:00","og_image":[{"url":"http:\/\/bergerlebnisse.com\/wp-content\/uploads\/2020\/03\/zweitagestour-Ortler.jpg","type":"","width":"","height":""}],"twitter_card":"summary_large_image","twitter_misc":{"Tempo di lettura stimato":"3 minuti"},"schema":{"@context":"https:\/\/schema.org","@graph":[{"@type":"WebPage","@id":"https:\/\/bergerlebnisse.com\/it\/estate\/settimane-di-escursioni-alta-quota\/","url":"https:\/\/bergerlebnisse.com\/it\/estate\/settimane-di-escursioni-alta-quota\/","name":"Vivi le vette pi\u00f9 belle dell'Alto Adige con l'esperienza in montagna di South Triol","isPartOf":{"@id":"https:\/\/bergerlebnisse.com\/it\/#website"},"primaryImageOfPage":{"@id":"https:\/\/bergerlebnisse.com\/it\/estate\/settimane-di-escursioni-alta-quota\/#primaryimage"},"image":{"@id":"https:\/\/bergerlebnisse.com\/it\/estate\/settimane-di-escursioni-alta-quota\/#primaryimage"},"thumbnailUrl":"http:\/\/bergerlebnisse.com\/wp-content\/uploads\/2020\/03\/zweitagestour-Ortler.jpg","datePublished":"2020-03-20T20:50:17+00:00","dateModified":"2025-09-07T08:01:41+00:00","description":"Per una settimana salite sulle vette pi\u00f9 belle e potenti dell'Alto Adige con la guida alpina Georg Maschler, un'esperienza unica","breadcrumb":{"@id":"https:\/\/bergerlebnisse.com\/it\/estate\/settimane-di-escursioni-alta-quota\/#breadcrumb"},"inLanguage":"it-IT","potentialAction":[{"@type":"ReadAction","target":["https:\/\/bergerlebnisse.com\/it\/estate\/settimane-di-escursioni-alta-quota\/"]}]},{"@type":"ImageObject","inLanguage":"it-IT","@id":"https:\/\/bergerlebnisse.com\/it\/estate\/settimane-di-escursioni-alta-quota\/#primaryimage","url":"http:\/\/bergerlebnisse.com\/wp-content\/uploads\/2020\/03\/zweitagestour-Ortler.jpg","contentUrl":"http:\/\/bergerlebnisse.com\/wp-content\/uploads\/2020\/03\/zweitagestour-Ortler.jpg"},{"@type":"BreadcrumbList","@id":"https:\/\/bergerlebnisse.com\/it\/estate\/settimane-di-escursioni-alta-quota\/#breadcrumb","itemListElement":[{"@type":"ListItem","position":1,"name":"Startseite","item":"https:\/\/bergerlebnisse.com\/it\/"},{"@type":"ListItem","position":2,"name":"ESTATE","item":"https:\/\/bergerlebnisse.com\/it\/estate\/"},{"@type":"ListItem","position":3,"name":"SETTIMANE DI ESCURSIONI ALTA QUOTA"}]},{"@type":"WebSite","@id":"https:\/\/bergerlebnisse.com\/it\/#website","url":"https:\/\/bergerlebnisse.com\/it\/","name":"Skischule Trafoi","description":"Erlebe die S\u00fcdtiroler Berge mit einem Experten","publisher":{"@id":"https:\/\/bergerlebnisse.com\/it\/#organization"},"potentialAction":[{"@type":"SearchAction","target":{"@type":"EntryPoint","urlTemplate":"https:\/\/bergerlebnisse.com\/it\/?s={search_term_string}"},"query-input":{"@type":"PropertyValueSpecification","valueRequired":true,"valueName":"search_term_string"}}],"inLanguage":"it-IT"},{"@type":"Organization","@id":"https:\/\/bergerlebnisse.com\/it\/#organization","name":"Skischule Trafoi","url":"https:\/\/bergerlebnisse.com\/it\/","logo":{"@type":"ImageObject","inLanguage":"it-IT","@id":"https:\/\/bergerlebnisse.com\/it\/#\/schema\/logo\/image\/","url":"","contentUrl":"","caption":"Skischule Trafoi"},"image":{"@id":"https:\/\/bergerlebnisse.com\/it\/#\/schema\/logo\/image\/"},"sameAs":["https:\/\/www.facebook.com\/skischuletrafoi","https:\/\/www.instagram.com\/skischule_trafoi\/"]}]}},"_links":{"self":[{"href":"https:\/\/bergerlebnisse.com\/it\/wp-json\/wp\/v2\/pages\/2143","targetHints":{"allow":["GET"]}}],"collection":[{"href":"https:\/\/bergerlebnisse.com\/it\/wp-json\/wp\/v2\/pages"}],"about":[{"href":"https:\/\/bergerlebnisse.com\/it\/wp-json\/wp\/v2\/types\/page"}],"author":[{"embeddable":true,"href":"https:\/\/bergerlebnisse.com\/it\/wp-json\/wp\/v2\/users\/1"}],"replies":[{"embeddable":true,"href":"https:\/\/bergerlebnisse.com\/it\/wp-json\/wp\/v2\/comments?post=2143"}],"version-history":[{"count":10,"href":"https:\/\/bergerlebnisse.com\/it\/wp-json\/wp\/v2\/pages\/2143\/revisions"}],"predecessor-version":[{"id":7144,"href":"https:\/\/bergerlebnisse.com\/it\/wp-json\/wp\/v2\/pages\/2143\/revisions\/7144"}],"up":[{"embeddable":true,"href":"https:\/\/bergerlebnisse.com\/it\/wp-json\/wp\/v2\/pages\/2120"}],"wp:attachment":[{"href":"https:\/\/bergerlebnisse.com\/it\/wp-json\/wp\/v2\/media?parent=2143"}],"curies":[{"name":"wp","href":"https:\/\/api.w.org\/{rel}","templated":true}]}}